{"id":60903,"date":"2022-05-21T22:06:30","date_gmt":"2022-05-21T20:06:30","guid":{"rendered":"https:\/\/www.eliterent.com\/?post_type=product&#038;p=60903"},"modified":"2025-11-18T10:56:53","modified_gmt":"2025-11-18T09:56:53","slug":"mercedes-benz-g63-amg","status":"publish","type":"product","link":"https:\/\/www.eliterent.com\/fr\/location-voiture-prestige\/suv-4x4\/mercedes-benz-g63-amg\/","title":{"rendered":"Mercedes-Benz G63 AMG (2025)"},"content":{"rendered":"<p>Connue sous le nom de Classe G depuis son lancement en 1972, c&rsquo;est le v\u00e9hicule le plus iconique de Mercedes-Benz, puisqu&rsquo;il est le plus ancien de la flotte allemande. Dans cette variante de la Classe G, la Mercedes-Benz G 63 AMG (2025), un moteur V8 biturbo de 5,0 litres produit 577 ch et un couple massif de 700 Nm, ce qui est suffisant pour vous faire traverser les terrains les plus difficiles et passer de 0 \u00e0 100 km\/h en 5 secondes chrono. \u00c0 l&rsquo;int\u00e9rieur du G 63, l&rsquo;attention port\u00e9e par Mercedes aux d\u00e9tails est \u00e9vidente : un habitacle au design plus qu&rsquo;\u00e9l\u00e9gant, aggr\u00e9ment\u00e9 des cuirs et mat\u00e9riaux les plus nobles. Le G est capable d&rsquo;accueillir confortablement 5 passagers et leurs bagages respectifs. D\u00e9couvrez l&rsquo;alliance des performances et du luxe. Louez une Mercedes-Benz G 63 AMG en Suisse avec Elite Rent-a-Car et profitez de la voiture de location parfaite pour votre voyage en Europe.<\/p>\n","protected":false},"excerpt":{"rendered":"<p>[jet_post_terms tax:=\u00a0\u00bbcountry\u00a0\u00bb]<\/p>\n","protected":false},"featured_media":79355,"template":"","meta":{"_acf_changed":false,"site-sidebar-layout":"no-sidebar","site-content-layout":"plain-container","ast-site-content-layout":"normal-width-container","site-content-style":"unboxed","site-sidebar-style":"unboxed","ast-global-header-display":"","ast-banner-title-visibility":"","ast-main-header-display":"","ast-hfb-above-header-display":"","ast-hfb-below-header-display":"","ast-hfb-mobile-header-display":"","site-post-title":"","ast-breadcrumbs-content":"","ast-featured-img":"","footer-sml-layout":"","theme-transparent-header-meta":"default","adv-header-id-meta":"","stick-header-meta":"","header-above-stick-meta":"","header-main-stick-meta":"","header-below-stick-meta":"","astra-migrate-meta-layouts":"set","ast-page-background-enabled":"default","ast-page-background-meta":{"desktop":{"background-color":"","background-image":"","background-repeat":"repeat","background-position":"center center","background-size":"auto","background-attachment":"scroll","background-type":"","background-media":"","overlay-type":"","overlay-color":"","overlay-opacity":"","overlay-gradient":""},"tablet":{"background-color":"","background-image":"","background-repeat":"repeat","background-position":"center center","background-size":"auto","background-attachment":"scroll","background-type":"","background-media":"","overlay-type":"","overlay-color":"","overlay-opacity":"","overlay-gradient":""},"mobile":{"background-color":"","background-image":"","background-repeat":"repeat","background-position":"center center","background-size":"auto","background-attachment":"scroll","background-type":"","background-media":"","overlay-type":"","overlay-color":"","overlay-opacity":"","overlay-gradient":""}},"ast-content-background-meta":{"desktop":{"background-color":"var(--ast-global-color-5)","background-image":"","background-repeat":"repeat","background-position":"center center","background-size":"auto","background-attachment":"scroll","background-type":"","background-media":"","overlay-type":"","overlay-color":"","overlay-opacity":"","overlay-gradient":""},"tablet":{"background-color":"var(--ast-global-color-5)","background-image":"","background-repeat":"repeat","background-position":"center center","background-size":"auto","background-attachment":"scroll","background-type":"","background-media":"","overlay-type":"","overlay-color":"","overlay-opacity":"","overlay-gradient":""},"mobile":{"background-color":"var(--ast-global-color-5)","background-image":"","background-repeat":"repeat","background-position":"center center","background-size":"auto","background-attachment":"scroll","background-type":"","background-media":"","overlay-type":"","overlay-color":"","overlay-opacity":"","overlay-gradient":""}}},"product_brand":[],"product_cat":[1822,2820],"product_tag":[2876],"agency-2":[2690],"agency-1":[2701],"model":[],"brand":[2301],"types":[2309],"city":[2614,2615,2616,2617,2618],"country":[2310],"service":[],"class_list":{"0":"post-60903","1":"product","2":"type-product","3":"status-publish","4":"has-post-thumbnail","6":"product_cat-suv-4x4","7":"product_cat-tour-fr","8":"product_tag-no-headache-2000-ch","9":"agency-2-zurich-fr","10":"agency-1-geneva-fr","11":"brand-louer-une-mercedes-benz","12":"types-suv-4x4-fr","13":"city-bad-ragaz-fr","14":"city-gstaad-fr","15":"city-interlaken-fr","16":"city-lausanne-fr","17":"city-st-moritz-fr","18":"country-switzerland-fr","19":"desktop-align-left","20":"tablet-align-left","21":"mobile-align-left","23":"first","24":"instock","25":"shipping-taxable","26":"purchasable","27":"product-type-redq_rental"},"acf":[],"yoast_head":"<!-- This site is optimized with the Yoast SEO plugin v27.4 - https:\/\/yoast.com\/product\/yoast-seo-wordpress\/ -->\n<title>Elite Rent - Louer Mercedes-Benz G63 AMG (2025) en Suisse.<\/title>\n<meta name=\"description\" content=\"Elite Rent - Louer Mercedes-Benz G63 AMG (2025) en Suisse with Elite Rent\" \/>\n<meta name=\"robots\" content=\"index, follow, max-snippet:-1, max-image-preview:large, max-video-preview:-1\" \/>\n<link rel=\"canonical\" href=\"https:\/\/www.eliterent.com\/fr\/location-voiture-prestige\/suv-4x4\/mercedes-benz-g63-amg\/\" \/>\n<meta property=\"og:locale\" content=\"fr_FR\" \/>\n<meta property=\"og:type\" content=\"article\" \/>\n<meta property=\"og:title\" content=\"Elite Rent - Louer Mercedes-Benz G63 AMG (2025) en Suisse.\" \/>\n<meta property=\"og:description\" content=\"Elite Rent - Louer Mercedes-Benz G63 AMG (2025) en Suisse with Elite Rent\" \/>\n<meta property=\"og:url\" content=\"https:\/\/www.eliterent.com\/fr\/location-voiture-prestige\/suv-4x4\/mercedes-benz-g63-amg\/\" \/>\n<meta property=\"og:site_name\" content=\"Elite Rent\" \/>\n<meta property=\"article:modified_time\" content=\"2025-11-18T09:56:53+00:00\" \/>\n<meta property=\"og:image\" content=\"https:\/\/www.eliterent.com\/wp-content\/uploads\/2025\/02\/WEB_G63_AMG_2025_Front.jpg\" \/>\n\t<meta property=\"og:image:width\" content=\"425\" \/>\n\t<meta property=\"og:image:height\" content=\"250\" \/>\n\t<meta property=\"og:image:type\" content=\"image\/jpeg\" \/>\n<meta name=\"twitter:card\" content=\"summary_large_image\" \/>\n<script type=\"application\/ld+json\" class=\"yoast-schema-graph\">{\"@context\":\"https:\\\/\\\/schema.org\",\"@graph\":[{\"@type\":\"WebPage\",\"@id\":\"https:\\\/\\\/www.eliterent.com\\\/fr\\\/location-voiture-prestige\\\/suv-4x4\\\/mercedes-benz-g63-amg\\\/\",\"url\":\"https:\\\/\\\/www.eliterent.com\\\/fr\\\/location-voiture-prestige\\\/suv-4x4\\\/mercedes-benz-g63-amg\\\/\",\"name\":\"Elite Rent - Louer Mercedes-Benz G63 AMG (2025) en Suisse.\",\"isPartOf\":{\"@id\":\"https:\\\/\\\/www.eliterent.com\\\/#website\"},\"primaryImageOfPage\":{\"@id\":\"https:\\\/\\\/www.eliterent.com\\\/fr\\\/location-voiture-prestige\\\/suv-4x4\\\/mercedes-benz-g63-amg\\\/#primaryimage\"},\"image\":{\"@id\":\"https:\\\/\\\/www.eliterent.com\\\/fr\\\/location-voiture-prestige\\\/suv-4x4\\\/mercedes-benz-g63-amg\\\/#primaryimage\"},\"thumbnailUrl\":\"https:\\\/\\\/www.eliterent.com\\\/wp-content\\\/uploads\\\/2025\\\/02\\\/G63_Special_Weekly_Rate.jpg\",\"datePublished\":\"2022-05-21T20:06:30+00:00\",\"dateModified\":\"2025-11-18T09:56:53+00:00\",\"description\":\"Elite Rent - Louer Mercedes-Benz G63 AMG (2025) en Suisse with Elite Rent\",\"breadcrumb\":{\"@id\":\"https:\\\/\\\/www.eliterent.com\\\/fr\\\/location-voiture-prestige\\\/suv-4x4\\\/mercedes-benz-g63-amg\\\/#breadcrumb\"},\"inLanguage\":\"fr-FR\",\"potentialAction\":[{\"@type\":\"ReadAction\",\"target\":[\"https:\\\/\\\/www.eliterent.com\\\/fr\\\/location-voiture-prestige\\\/suv-4x4\\\/mercedes-benz-g63-amg\\\/\"]}]},{\"@type\":\"ImageObject\",\"inLanguage\":\"fr-FR\",\"@id\":\"https:\\\/\\\/www.eliterent.com\\\/fr\\\/location-voiture-prestige\\\/suv-4x4\\\/mercedes-benz-g63-amg\\\/#primaryimage\",\"url\":\"https:\\\/\\\/www.eliterent.com\\\/wp-content\\\/uploads\\\/2025\\\/02\\\/G63_Special_Weekly_Rate.jpg\",\"contentUrl\":\"https:\\\/\\\/www.eliterent.com\\\/wp-content\\\/uploads\\\/2025\\\/02\\\/G63_Special_Weekly_Rate.jpg\",\"width\":425,\"height\":250,\"caption\":\"Rent a Mercedes G63 AMG in Switzerland, Geneva, Zurich.\"},{\"@type\":\"BreadcrumbList\",\"@id\":\"https:\\\/\\\/www.eliterent.com\\\/fr\\\/location-voiture-prestige\\\/suv-4x4\\\/mercedes-benz-g63-amg\\\/#breadcrumb\",\"itemListElement\":[{\"@type\":\"ListItem\",\"position\":1,\"name\":\"Home\",\"item\":\"https:\\\/\\\/www.eliterent.com\\\/fr\\\/\"},{\"@type\":\"ListItem\",\"position\":2,\"name\":\"Location de voitures de luxe en Europe\",\"item\":\"https:\\\/\\\/www.eliterent.com\\\/fr\\\/location-de-voitures-de-luxe-et-premium-en-europe\\\/\"},{\"@type\":\"ListItem\",\"position\":3,\"name\":\"Mercedes-Benz G63 AMG (2025)\"}]},{\"@type\":\"WebSite\",\"@id\":\"https:\\\/\\\/www.eliterent.com\\\/#website\",\"url\":\"https:\\\/\\\/www.eliterent.com\\\/\",\"name\":\"Elite Rent\",\"description\":\"Rent a Car\",\"publisher\":{\"@id\":\"https:\\\/\\\/www.eliterent.com\\\/#organization\"},\"potentialAction\":[{\"@type\":\"SearchAction\",\"target\":{\"@type\":\"EntryPoint\",\"urlTemplate\":\"https:\\\/\\\/www.eliterent.com\\\/?s={search_term_string}\"},\"query-input\":{\"@type\":\"PropertyValueSpecification\",\"valueRequired\":true,\"valueName\":\"search_term_string\"}}],\"inLanguage\":\"fr-FR\"},{\"@type\":\"Organization\",\"@id\":\"https:\\\/\\\/www.eliterent.com\\\/#organization\",\"name\":\"Elite Rent\",\"url\":\"https:\\\/\\\/www.eliterent.com\\\/\",\"logo\":{\"@type\":\"ImageObject\",\"inLanguage\":\"fr-FR\",\"@id\":\"https:\\\/\\\/www.eliterent.com\\\/#\\\/schema\\\/logo\\\/image\\\/\",\"url\":\"https:\\\/\\\/www.eliterent.com\\\/wp-content\\\/uploads\\\/2020\\\/03\\\/Elite_Logo_NEW_2023_Final-1.png\",\"contentUrl\":\"https:\\\/\\\/www.eliterent.com\\\/wp-content\\\/uploads\\\/2020\\\/03\\\/Elite_Logo_NEW_2023_Final-1.png\",\"width\":828,\"height\":313,\"caption\":\"Elite Rent\"},\"image\":{\"@id\":\"https:\\\/\\\/www.eliterent.com\\\/#\\\/schema\\\/logo\\\/image\\\/\"}}]}<\/script>\n<!-- \/ Yoast SEO plugin. -->","yoast_head_json":{"title":"Elite Rent - Louer Mercedes-Benz G63 AMG (2025) en Suisse.","description":"Elite Rent - Louer Mercedes-Benz G63 AMG (2025) en Suisse with Elite Rent","robots":{"index":"index","follow":"follow","max-snippet":"max-snippet:-1","max-image-preview":"max-image-preview:large","max-video-preview":"max-video-preview:-1"},"canonical":"https:\/\/www.eliterent.com\/fr\/location-voiture-prestige\/suv-4x4\/mercedes-benz-g63-amg\/","og_locale":"fr_FR","og_type":"article","og_title":"Elite Rent - Louer Mercedes-Benz G63 AMG (2025) en Suisse.","og_description":"Elite Rent - Louer Mercedes-Benz G63 AMG (2025) en Suisse with Elite Rent","og_url":"https:\/\/www.eliterent.com\/fr\/location-voiture-prestige\/suv-4x4\/mercedes-benz-g63-amg\/","og_site_name":"Elite Rent","article_modified_time":"2025-11-18T09:56:53+00:00","og_image":[{"width":425,"height":250,"url":"https:\/\/www.eliterent.com\/wp-content\/uploads\/2025\/02\/WEB_G63_AMG_2025_Front.jpg","type":"image\/jpeg"}],"twitter_card":"summary_large_image","schema":{"@context":"https:\/\/schema.org","@graph":[{"@type":"WebPage","@id":"https:\/\/www.eliterent.com\/fr\/location-voiture-prestige\/suv-4x4\/mercedes-benz-g63-amg\/","url":"https:\/\/www.eliterent.com\/fr\/location-voiture-prestige\/suv-4x4\/mercedes-benz-g63-amg\/","name":"Elite Rent - Louer Mercedes-Benz G63 AMG (2025) en Suisse.","isPartOf":{"@id":"https:\/\/www.eliterent.com\/#website"},"primaryImageOfPage":{"@id":"https:\/\/www.eliterent.com\/fr\/location-voiture-prestige\/suv-4x4\/mercedes-benz-g63-amg\/#primaryimage"},"image":{"@id":"https:\/\/www.eliterent.com\/fr\/location-voiture-prestige\/suv-4x4\/mercedes-benz-g63-amg\/#primaryimage"},"thumbnailUrl":"https:\/\/www.eliterent.com\/wp-content\/uploads\/2025\/02\/G63_Special_Weekly_Rate.jpg","datePublished":"2022-05-21T20:06:30+00:00","dateModified":"2025-11-18T09:56:53+00:00","description":"Elite Rent - Louer Mercedes-Benz G63 AMG (2025) en Suisse with Elite Rent","breadcrumb":{"@id":"https:\/\/www.eliterent.com\/fr\/location-voiture-prestige\/suv-4x4\/mercedes-benz-g63-amg\/#breadcrumb"},"inLanguage":"fr-FR","potentialAction":[{"@type":"ReadAction","target":["https:\/\/www.eliterent.com\/fr\/location-voiture-prestige\/suv-4x4\/mercedes-benz-g63-amg\/"]}]},{"@type":"ImageObject","inLanguage":"fr-FR","@id":"https:\/\/www.eliterent.com\/fr\/location-voiture-prestige\/suv-4x4\/mercedes-benz-g63-amg\/#primaryimage","url":"https:\/\/www.eliterent.com\/wp-content\/uploads\/2025\/02\/G63_Special_Weekly_Rate.jpg","contentUrl":"https:\/\/www.eliterent.com\/wp-content\/uploads\/2025\/02\/G63_Special_Weekly_Rate.jpg","width":425,"height":250,"caption":"Rent a Mercedes G63 AMG in Switzerland, Geneva, Zurich."},{"@type":"BreadcrumbList","@id":"https:\/\/www.eliterent.com\/fr\/location-voiture-prestige\/suv-4x4\/mercedes-benz-g63-amg\/#breadcrumb","itemListElement":[{"@type":"ListItem","position":1,"name":"Home","item":"https:\/\/www.eliterent.com\/fr\/"},{"@type":"ListItem","position":2,"name":"Location de voitures de luxe en Europe","item":"https:\/\/www.eliterent.com\/fr\/location-de-voitures-de-luxe-et-premium-en-europe\/"},{"@type":"ListItem","position":3,"name":"Mercedes-Benz G63 AMG (2025)"}]},{"@type":"WebSite","@id":"https:\/\/www.eliterent.com\/#website","url":"https:\/\/www.eliterent.com\/","name":"Elite Rent","description":"Rent a Car","publisher":{"@id":"https:\/\/www.eliterent.com\/#organization"},"potentialAction":[{"@type":"SearchAction","target":{"@type":"EntryPoint","urlTemplate":"https:\/\/www.eliterent.com\/?s={search_term_string}"},"query-input":{"@type":"PropertyValueSpecification","valueRequired":true,"valueName":"search_term_string"}}],"inLanguage":"fr-FR"},{"@type":"Organization","@id":"https:\/\/www.eliterent.com\/#organization","name":"Elite Rent","url":"https:\/\/www.eliterent.com\/","logo":{"@type":"ImageObject","inLanguage":"fr-FR","@id":"https:\/\/www.eliterent.com\/#\/schema\/logo\/image\/","url":"https:\/\/www.eliterent.com\/wp-content\/uploads\/2020\/03\/Elite_Logo_NEW_2023_Final-1.png","contentUrl":"https:\/\/www.eliterent.com\/wp-content\/uploads\/2020\/03\/Elite_Logo_NEW_2023_Final-1.png","width":828,"height":313,"caption":"Elite Rent"},"image":{"@id":"https:\/\/www.eliterent.com\/#\/schema\/logo\/image\/"}}]}},"_links":{"self":[{"href":"https:\/\/www.eliterent.com\/fr\/wp-json\/wp\/v2\/product\/60903","targetHints":{"allow":["GET"]}}],"collection":[{"href":"https:\/\/www.eliterent.com\/fr\/wp-json\/wp\/v2\/product"}],"about":[{"href":"https:\/\/www.eliterent.com\/fr\/wp-json\/wp\/v2\/types\/product"}],"version-history":[{"count":0,"href":"https:\/\/www.eliterent.com\/fr\/wp-json\/wp\/v2\/product\/60903\/revisions"}],"wp:featuredmedia":[{"embeddable":true,"href":"https:\/\/www.eliterent.com\/fr\/wp-json\/wp\/v2\/media\/79355"}],"wp:attachment":[{"href":"https:\/\/www.eliterent.com\/fr\/wp-json\/wp\/v2\/media?parent=60903"}],"wp:term":[{"taxonomy":"product_brand","embeddable":true,"href":"https:\/\/www.eliterent.com\/fr\/wp-json\/wp\/v2\/product_brand?post=60903"},{"taxonomy":"product_cat","embeddable":true,"href":"https:\/\/www.eliterent.com\/fr\/wp-json\/wp\/v2\/product_cat?post=60903"},{"taxonomy":"product_tag","embeddable":true,"href":"https:\/\/www.eliterent.com\/fr\/wp-json\/wp\/v2\/product_tag?post=60903"},{"taxonomy":"agency-2","embeddable":true,"href":"https:\/\/www.eliterent.com\/fr\/wp-json\/wp\/v2\/agency-2?post=60903"},{"taxonomy":"agency-1","embeddable":true,"href":"https:\/\/www.eliterent.com\/fr\/wp-json\/wp\/v2\/agency-1?post=60903"},{"taxonomy":"model","embeddable":true,"href":"https:\/\/www.eliterent.com\/fr\/wp-json\/wp\/v2\/model?post=60903"},{"taxonomy":"brand","embeddable":true,"href":"https:\/\/www.eliterent.com\/fr\/wp-json\/wp\/v2\/brand?post=60903"},{"taxonomy":"types","embeddable":true,"href":"https:\/\/www.eliterent.com\/fr\/wp-json\/wp\/v2\/types?post=60903"},{"taxonomy":"city","embeddable":true,"href":"https:\/\/www.eliterent.com\/fr\/wp-json\/wp\/v2\/city?post=60903"},{"taxonomy":"country","embeddable":true,"href":"https:\/\/www.eliterent.com\/fr\/wp-json\/wp\/v2\/country?post=60903"},{"taxonomy":"service","embeddable":true,"href":"https:\/\/www.eliterent.com\/fr\/wp-json\/wp\/v2\/service?post=60903"}],"curies":[{"name":"wp","href":"https:\/\/api.w.org\/{rel}","templated":true}]}}