{"id":50950,"date":"2021-05-21T21:31:32","date_gmt":"2021-05-21T19:31:32","guid":{"rendered":"https:\/\/dev-elite.online\/flotte-elite-rent-a-car\/mercedes-benz-v-class-6\/"},"modified":"2023-03-29T11:28:04","modified_gmt":"2023-03-29T09:28:04","slug":"mercedes-benz-v-class-paris-reims","status":"publish","type":"product","link":"https:\/\/www.eliterent.com\/fr\/location-voiture-prestige\/best-sellers-fr\/mercedes-benz-v-class-paris-reims\/","title":{"rendered":"Mercedes-Benz V Class"},"content":{"rendered":"<p>Tous les vans peuvent transporter 6 passagers ou m\u00eame plus ce qui repr\u00e9sente un gros avantage pour les familles qui voyagent. Et aujourd&rsquo;hui, la Classe V a su s&rsquo;imposr comme une r\u00e9f\u00e9rence dans ce domaine. Capable d&rsquo;accueillir 8 personnes (y compris le conducteur). La classe V ne manque pas d&rsquo;espace, ni d&rsquo;autre chose en termes de praticit\u00e9. Un int\u00e9rieur revu et corrig\u00e9 fait de ce v\u00e9hicule une v\u00e9ritable Mercedes comme on l&rsquo;esp\u00e8re : Une atmosph\u00e8re g\u00e9n\u00e9ralement haut de gamme avec le cuir, les mat\u00e9riaux de haute qualit\u00e9 et une conduite simple et confortable. En tant que v\u00e9hicule de location familial, la Classe V peut tout faire, et avec le syst\u00e8me \u00e0 quatre roues 4Matic, elle peut emprunter n&rsquo;importe quelle route. Louez une Mercedes-Benz Classe V \u00e0 Paris, \u00e0 l&rsquo;a\u00e9roport Charles de Gaule, \u00e0 l&rsquo;a\u00e9roport ORLY, \u00e0 Reims, \u00e0 Lille ou partout dans le Nord de la France avec Elite Rent-a-Car. Le grand monospace de Mercedes-Benz vous attend en r\u00e9gion parisienne !<\/p>\n","protected":false},"excerpt":{"rendered":"<p>[jet_post_terms tax:=\u00a0\u00bbcountry\u00a0\u00bb]<\/p>\n","protected":false},"featured_media":36268,"template":"","meta":{"_acf_changed":false,"site-sidebar-layout":"no-sidebar","site-content-layout":"plain-container","ast-site-content-layout":"normal-width-container","site-content-style":"unboxed","site-sidebar-style":"unboxed","ast-global-header-display":"","ast-banner-title-visibility":"","ast-main-header-display":"","ast-hfb-above-header-display":"","ast-hfb-below-header-display":"","ast-hfb-mobile-header-display":"","site-post-title":"","ast-breadcrumbs-content":"","ast-featured-img":"","footer-sml-layout":"","theme-transparent-header-meta":"default","adv-header-id-meta":"","stick-header-meta":"","header-above-stick-meta":"","header-main-stick-meta":"","header-below-stick-meta":"","astra-migrate-meta-layouts":"default","ast-page-background-enabled":"default","ast-page-background-meta":{"desktop":{"background-color":"","background-image":"","background-repeat":"repeat","background-position":"center center","background-size":"auto","background-attachment":"scroll","background-type":"","background-media":"","overlay-type":"","overlay-color":"","overlay-opacity":"","overlay-gradient":""},"tablet":{"background-color":"","background-image":"","background-repeat":"repeat","background-position":"center center","background-size":"auto","background-attachment":"scroll","background-type":"","background-media":"","overlay-type":"","overlay-color":"","overlay-opacity":"","overlay-gradient":""},"mobile":{"background-color":"","background-image":"","background-repeat":"repeat","background-position":"center center","background-size":"auto","background-attachment":"scroll","background-type":"","background-media":"","overlay-type":"","overlay-color":"","overlay-opacity":"","overlay-gradient":""}},"ast-content-background-meta":{"desktop":{"background-color":"var(--ast-global-color-5)","background-image":"","background-repeat":"repeat","background-position":"center center","background-size":"auto","background-attachment":"scroll","background-type":"","background-media":"","overlay-type":"","overlay-color":"","overlay-opacity":"","overlay-gradient":""},"tablet":{"background-color":"var(--ast-global-color-5)","background-image":"","background-repeat":"repeat","background-position":"center center","background-size":"auto","background-attachment":"scroll","background-type":"","background-media":"","overlay-type":"","overlay-color":"","overlay-opacity":"","overlay-gradient":""},"mobile":{"background-color":"var(--ast-global-color-5)","background-image":"","background-repeat":"repeat","background-position":"center center","background-size":"auto","background-attachment":"scroll","background-type":"","background-media":"","overlay-type":"","overlay-color":"","overlay-opacity":"","overlay-gradient":""}}},"product_brand":[],"product_cat":[1939,2325],"product_tag":[],"agency-2":[2692],"agency-1":[2695],"model":[],"brand":[2301],"types":[2330],"city":[2630,2631,2632,2633],"country":[2342],"service":[],"class_list":{"0":"post-50950","1":"product","2":"type-product","3":"status-publish","4":"has-post-thumbnail","6":"product_cat-best-sellers-fr","7":"product_cat-van","8":"agency-2-deauville-fr","9":"agency-1-paris-fr","10":"brand-louer-une-mercedes-benz","11":"types-van-fr","12":"city-amsterdam-fr","13":"city-bordeaux-fr","14":"city-bruxelles-fr","15":"city-lille-fr","16":"country-france-north-fr","17":"desktop-align-left","18":"tablet-align-left","19":"mobile-align-left","21":"first","22":"instock","23":"shipping-taxable","24":"purchasable","25":"product-type-redq_rental"},"acf":[],"yoast_head":"<!-- This site is optimized with the Yoast SEO plugin v27.4 - https:\/\/yoast.com\/product\/yoast-seo-wordpress\/ -->\n<title>Louer la Mercedes-Benz V Class en France (Paris) avec Elite Rent.<\/title>\n<meta name=\"description\" content=\"Louer la Mercedes-Benz V Class en France (Paris) avec Elite Rent - Livraison sur mesure \u00e0 Paris, Reims, Versailles, Deauville.\" \/>\n<meta name=\"robots\" content=\"index, follow, max-snippet:-1, max-image-preview:large, max-video-preview:-1\" \/>\n<link rel=\"canonical\" href=\"https:\/\/www.eliterent.com\/fr\/location-voiture-prestige\/best-sellers-fr\/mercedes-benz-v-class-paris-reims\/\" \/>\n<meta property=\"og:locale\" content=\"fr_FR\" \/>\n<meta property=\"og:type\" content=\"article\" \/>\n<meta property=\"og:title\" content=\"Louer la Mercedes-Benz V Class en France (Paris) avec Elite Rent.\" \/>\n<meta property=\"og:description\" content=\"Louer la Mercedes-Benz V Class en France (Paris) avec Elite Rent - Livraison sur mesure \u00e0 Paris, Reims, Versailles, Deauville.\" \/>\n<meta property=\"og:url\" content=\"https:\/\/www.eliterent.com\/fr\/location-voiture-prestige\/best-sellers-fr\/mercedes-benz-v-class-paris-reims\/\" \/>\n<meta property=\"og:site_name\" content=\"Elite Rent\" \/>\n<meta property=\"article:modified_time\" content=\"2023-03-29T09:28:04+00:00\" \/>\n<meta property=\"og:image\" content=\"https:\/\/www.eliterent.com\/wp-content\/uploads\/2021\/06\/WEB_MB_V_Class_Front-4-1-2.png\" \/>\n\t<meta property=\"og:image:width\" content=\"425\" \/>\n\t<meta property=\"og:image:height\" content=\"250\" \/>\n\t<meta property=\"og:image:type\" content=\"image\/png\" \/>\n<meta name=\"twitter:card\" content=\"summary_large_image\" \/>\n<script type=\"application\/ld+json\" class=\"yoast-schema-graph\">{\"@context\":\"https:\\\/\\\/schema.org\",\"@graph\":[{\"@type\":\"WebPage\",\"@id\":\"https:\\\/\\\/www.eliterent.com\\\/fr\\\/location-voiture-prestige\\\/best-sellers-fr\\\/mercedes-benz-v-class-paris-reims\\\/\",\"url\":\"https:\\\/\\\/www.eliterent.com\\\/fr\\\/location-voiture-prestige\\\/best-sellers-fr\\\/mercedes-benz-v-class-paris-reims\\\/\",\"name\":\"Louer la Mercedes-Benz V Class en France (Paris) avec Elite Rent.\",\"isPartOf\":{\"@id\":\"https:\\\/\\\/www.eliterent.com\\\/#website\"},\"primaryImageOfPage\":{\"@id\":\"https:\\\/\\\/www.eliterent.com\\\/fr\\\/location-voiture-prestige\\\/best-sellers-fr\\\/mercedes-benz-v-class-paris-reims\\\/#primaryimage\"},\"image\":{\"@id\":\"https:\\\/\\\/www.eliterent.com\\\/fr\\\/location-voiture-prestige\\\/best-sellers-fr\\\/mercedes-benz-v-class-paris-reims\\\/#primaryimage\"},\"thumbnailUrl\":\"https:\\\/\\\/www.eliterent.com\\\/wp-content\\\/uploads\\\/2021\\\/06\\\/WEB_MB_V_Class_Front-4-1-2.png\",\"datePublished\":\"2021-05-21T19:31:32+00:00\",\"dateModified\":\"2023-03-29T09:28:04+00:00\",\"description\":\"Louer la Mercedes-Benz V Class en France (Paris) avec Elite Rent - Livraison sur mesure \u00e0 Paris, Reims, Versailles, Deauville.\",\"breadcrumb\":{\"@id\":\"https:\\\/\\\/www.eliterent.com\\\/fr\\\/location-voiture-prestige\\\/best-sellers-fr\\\/mercedes-benz-v-class-paris-reims\\\/#breadcrumb\"},\"inLanguage\":\"fr-FR\",\"potentialAction\":[{\"@type\":\"ReadAction\",\"target\":[\"https:\\\/\\\/www.eliterent.com\\\/fr\\\/location-voiture-prestige\\\/best-sellers-fr\\\/mercedes-benz-v-class-paris-reims\\\/\"]}]},{\"@type\":\"ImageObject\",\"inLanguage\":\"fr-FR\",\"@id\":\"https:\\\/\\\/www.eliterent.com\\\/fr\\\/location-voiture-prestige\\\/best-sellers-fr\\\/mercedes-benz-v-class-paris-reims\\\/#primaryimage\",\"url\":\"https:\\\/\\\/www.eliterent.com\\\/wp-content\\\/uploads\\\/2021\\\/06\\\/WEB_MB_V_Class_Front-4-1-2.png\",\"contentUrl\":\"https:\\\/\\\/www.eliterent.com\\\/wp-content\\\/uploads\\\/2021\\\/06\\\/WEB_MB_V_Class_Front-4-1-2.png\",\"width\":425,\"height\":250},{\"@type\":\"BreadcrumbList\",\"@id\":\"https:\\\/\\\/www.eliterent.com\\\/fr\\\/location-voiture-prestige\\\/best-sellers-fr\\\/mercedes-benz-v-class-paris-reims\\\/#breadcrumb\",\"itemListElement\":[{\"@type\":\"ListItem\",\"position\":1,\"name\":\"Home\",\"item\":\"https:\\\/\\\/www.eliterent.com\\\/fr\\\/\"},{\"@type\":\"ListItem\",\"position\":2,\"name\":\"Location de voitures de luxe en Europe\",\"item\":\"https:\\\/\\\/www.eliterent.com\\\/fr\\\/location-de-voitures-de-luxe-et-premium-en-europe\\\/\"},{\"@type\":\"ListItem\",\"position\":3,\"name\":\"Mercedes-Benz V Class\"}]},{\"@type\":\"WebSite\",\"@id\":\"https:\\\/\\\/www.eliterent.com\\\/#website\",\"url\":\"https:\\\/\\\/www.eliterent.com\\\/\",\"name\":\"Elite Rent\",\"description\":\"Rent a Car\",\"publisher\":{\"@id\":\"https:\\\/\\\/www.eliterent.com\\\/#organization\"},\"potentialAction\":[{\"@type\":\"SearchAction\",\"target\":{\"@type\":\"EntryPoint\",\"urlTemplate\":\"https:\\\/\\\/www.eliterent.com\\\/?s={search_term_string}\"},\"query-input\":{\"@type\":\"PropertyValueSpecification\",\"valueRequired\":true,\"valueName\":\"search_term_string\"}}],\"inLanguage\":\"fr-FR\"},{\"@type\":\"Organization\",\"@id\":\"https:\\\/\\\/www.eliterent.com\\\/#organization\",\"name\":\"Elite Rent\",\"url\":\"https:\\\/\\\/www.eliterent.com\\\/\",\"logo\":{\"@type\":\"ImageObject\",\"inLanguage\":\"fr-FR\",\"@id\":\"https:\\\/\\\/www.eliterent.com\\\/#\\\/schema\\\/logo\\\/image\\\/\",\"url\":\"https:\\\/\\\/www.eliterent.com\\\/wp-content\\\/uploads\\\/2020\\\/03\\\/Elite_Logo_NEW_2023_Final-1.png\",\"contentUrl\":\"https:\\\/\\\/www.eliterent.com\\\/wp-content\\\/uploads\\\/2020\\\/03\\\/Elite_Logo_NEW_2023_Final-1.png\",\"width\":828,\"height\":313,\"caption\":\"Elite Rent\"},\"image\":{\"@id\":\"https:\\\/\\\/www.eliterent.com\\\/#\\\/schema\\\/logo\\\/image\\\/\"}}]}<\/script>\n<!-- \/ Yoast SEO plugin. -->","yoast_head_json":{"title":"Louer la Mercedes-Benz V Class en France (Paris) avec Elite Rent.","description":"Louer la Mercedes-Benz V Class en France (Paris) avec Elite Rent - Livraison sur mesure \u00e0 Paris, Reims, Versailles, Deauville.","robots":{"index":"index","follow":"follow","max-snippet":"max-snippet:-1","max-image-preview":"max-image-preview:large","max-video-preview":"max-video-preview:-1"},"canonical":"https:\/\/www.eliterent.com\/fr\/location-voiture-prestige\/best-sellers-fr\/mercedes-benz-v-class-paris-reims\/","og_locale":"fr_FR","og_type":"article","og_title":"Louer la Mercedes-Benz V Class en France (Paris) avec Elite Rent.","og_description":"Louer la Mercedes-Benz V Class en France (Paris) avec Elite Rent - Livraison sur mesure \u00e0 Paris, Reims, Versailles, Deauville.","og_url":"https:\/\/www.eliterent.com\/fr\/location-voiture-prestige\/best-sellers-fr\/mercedes-benz-v-class-paris-reims\/","og_site_name":"Elite Rent","article_modified_time":"2023-03-29T09:28:04+00:00","og_image":[{"width":425,"height":250,"url":"https:\/\/www.eliterent.com\/wp-content\/uploads\/2021\/06\/WEB_MB_V_Class_Front-4-1-2.png","type":"image\/png"}],"twitter_card":"summary_large_image","schema":{"@context":"https:\/\/schema.org","@graph":[{"@type":"WebPage","@id":"https:\/\/www.eliterent.com\/fr\/location-voiture-prestige\/best-sellers-fr\/mercedes-benz-v-class-paris-reims\/","url":"https:\/\/www.eliterent.com\/fr\/location-voiture-prestige\/best-sellers-fr\/mercedes-benz-v-class-paris-reims\/","name":"Louer la Mercedes-Benz V Class en France (Paris) avec Elite Rent.","isPartOf":{"@id":"https:\/\/www.eliterent.com\/#website"},"primaryImageOfPage":{"@id":"https:\/\/www.eliterent.com\/fr\/location-voiture-prestige\/best-sellers-fr\/mercedes-benz-v-class-paris-reims\/#primaryimage"},"image":{"@id":"https:\/\/www.eliterent.com\/fr\/location-voiture-prestige\/best-sellers-fr\/mercedes-benz-v-class-paris-reims\/#primaryimage"},"thumbnailUrl":"https:\/\/www.eliterent.com\/wp-content\/uploads\/2021\/06\/WEB_MB_V_Class_Front-4-1-2.png","datePublished":"2021-05-21T19:31:32+00:00","dateModified":"2023-03-29T09:28:04+00:00","description":"Louer la Mercedes-Benz V Class en France (Paris) avec Elite Rent - Livraison sur mesure \u00e0 Paris, Reims, Versailles, Deauville.","breadcrumb":{"@id":"https:\/\/www.eliterent.com\/fr\/location-voiture-prestige\/best-sellers-fr\/mercedes-benz-v-class-paris-reims\/#breadcrumb"},"inLanguage":"fr-FR","potentialAction":[{"@type":"ReadAction","target":["https:\/\/www.eliterent.com\/fr\/location-voiture-prestige\/best-sellers-fr\/mercedes-benz-v-class-paris-reims\/"]}]},{"@type":"ImageObject","inLanguage":"fr-FR","@id":"https:\/\/www.eliterent.com\/fr\/location-voiture-prestige\/best-sellers-fr\/mercedes-benz-v-class-paris-reims\/#primaryimage","url":"https:\/\/www.eliterent.com\/wp-content\/uploads\/2021\/06\/WEB_MB_V_Class_Front-4-1-2.png","contentUrl":"https:\/\/www.eliterent.com\/wp-content\/uploads\/2021\/06\/WEB_MB_V_Class_Front-4-1-2.png","width":425,"height":250},{"@type":"BreadcrumbList","@id":"https:\/\/www.eliterent.com\/fr\/location-voiture-prestige\/best-sellers-fr\/mercedes-benz-v-class-paris-reims\/#breadcrumb","itemListElement":[{"@type":"ListItem","position":1,"name":"Home","item":"https:\/\/www.eliterent.com\/fr\/"},{"@type":"ListItem","position":2,"name":"Location de voitures de luxe en Europe","item":"https:\/\/www.eliterent.com\/fr\/location-de-voitures-de-luxe-et-premium-en-europe\/"},{"@type":"ListItem","position":3,"name":"Mercedes-Benz V Class"}]},{"@type":"WebSite","@id":"https:\/\/www.eliterent.com\/#website","url":"https:\/\/www.eliterent.com\/","name":"Elite Rent","description":"Rent a Car","publisher":{"@id":"https:\/\/www.eliterent.com\/#organization"},"potentialAction":[{"@type":"SearchAction","target":{"@type":"EntryPoint","urlTemplate":"https:\/\/www.eliterent.com\/?s={search_term_string}"},"query-input":{"@type":"PropertyValueSpecification","valueRequired":true,"valueName":"search_term_string"}}],"inLanguage":"fr-FR"},{"@type":"Organization","@id":"https:\/\/www.eliterent.com\/#organization","name":"Elite Rent","url":"https:\/\/www.eliterent.com\/","logo":{"@type":"ImageObject","inLanguage":"fr-FR","@id":"https:\/\/www.eliterent.com\/#\/schema\/logo\/image\/","url":"https:\/\/www.eliterent.com\/wp-content\/uploads\/2020\/03\/Elite_Logo_NEW_2023_Final-1.png","contentUrl":"https:\/\/www.eliterent.com\/wp-content\/uploads\/2020\/03\/Elite_Logo_NEW_2023_Final-1.png","width":828,"height":313,"caption":"Elite Rent"},"image":{"@id":"https:\/\/www.eliterent.com\/#\/schema\/logo\/image\/"}}]}},"_links":{"self":[{"href":"https:\/\/www.eliterent.com\/fr\/wp-json\/wp\/v2\/product\/50950","targetHints":{"allow":["GET"]}}],"collection":[{"href":"https:\/\/www.eliterent.com\/fr\/wp-json\/wp\/v2\/product"}],"about":[{"href":"https:\/\/www.eliterent.com\/fr\/wp-json\/wp\/v2\/types\/product"}],"version-history":[{"count":0,"href":"https:\/\/www.eliterent.com\/fr\/wp-json\/wp\/v2\/product\/50950\/revisions"}],"wp:featuredmedia":[{"embeddable":true,"href":"https:\/\/www.eliterent.com\/fr\/wp-json\/wp\/v2\/media\/36268"}],"wp:attachment":[{"href":"https:\/\/www.eliterent.com\/fr\/wp-json\/wp\/v2\/media?parent=50950"}],"wp:term":[{"taxonomy":"product_brand","embeddable":true,"href":"https:\/\/www.eliterent.com\/fr\/wp-json\/wp\/v2\/product_brand?post=50950"},{"taxonomy":"product_cat","embeddable":true,"href":"https:\/\/www.eliterent.com\/fr\/wp-json\/wp\/v2\/product_cat?post=50950"},{"taxonomy":"product_tag","embeddable":true,"href":"https:\/\/www.eliterent.com\/fr\/wp-json\/wp\/v2\/product_tag?post=50950"},{"taxonomy":"agency-2","embeddable":true,"href":"https:\/\/www.eliterent.com\/fr\/wp-json\/wp\/v2\/agency-2?post=50950"},{"taxonomy":"agency-1","embeddable":true,"href":"https:\/\/www.eliterent.com\/fr\/wp-json\/wp\/v2\/agency-1?post=50950"},{"taxonomy":"model","embeddable":true,"href":"https:\/\/www.eliterent.com\/fr\/wp-json\/wp\/v2\/model?post=50950"},{"taxonomy":"brand","embeddable":true,"href":"https:\/\/www.eliterent.com\/fr\/wp-json\/wp\/v2\/brand?post=50950"},{"taxonomy":"types","embeddable":true,"href":"https:\/\/www.eliterent.com\/fr\/wp-json\/wp\/v2\/types?post=50950"},{"taxonomy":"city","embeddable":true,"href":"https:\/\/www.eliterent.com\/fr\/wp-json\/wp\/v2\/city?post=50950"},{"taxonomy":"country","embeddable":true,"href":"https:\/\/www.eliterent.com\/fr\/wp-json\/wp\/v2\/country?post=50950"},{"taxonomy":"service","embeddable":true,"href":"https:\/\/www.eliterent.com\/fr\/wp-json\/wp\/v2\/service?post=50950"}],"curies":[{"name":"wp","href":"https:\/\/api.w.org\/{rel}","templated":true}]}}