{"id":50653,"date":"2021-05-21T23:00:43","date_gmt":"2021-05-21T21:00:43","guid":{"rendered":"https:\/\/dev-elite.online\/flotte-elite-rent-a-car\/range-rover-evoque-4\/"},"modified":"2025-05-20T12:44:32","modified_gmt":"2025-05-20T10:44:32","slug":"range-rover-evoque-monte-carlo-monaco","status":"publish","type":"product","link":"https:\/\/www.eliterent.com\/fr\/location-voiture-prestige\/suv-4x4\/range-rover-evoque-monte-carlo-monaco\/","title":{"rendered":"Range Rover Evoque"},"content":{"rendered":"<p>Pr\u00e9sent\u00e9 pour la premi\u00e8re fois en 2011, l&rsquo;Evoque \u00e9tait la r\u00e9ponse de Range Rover au march\u00e9 croissant des SUV compacts et des crossovers. Avance rapide jusqu&rsquo;en 2019 et l&rsquo;Evoque, d\u00e9sormais dot\u00e9 d&rsquo;un tout nouveau design ext\u00e9rieur et int\u00e9rieur, est la \u00a0\u00bb voiture \u00e0 battre \u00a0\u00bb sur le march\u00e9 des crossovers de luxe. Si l&rsquo;ext\u00e9rieur de cet Evoque n&rsquo;a pas re\u00e7u de refonte drastique, les lignes rafra\u00eechies et les poign\u00e9es de porte affleurantes le propulsent dans la g\u00e9n\u00e9ration des SUV d&rsquo;une mani\u00e8re assur\u00e9e. Avec Elite en France, vous pourrez profiter de la variante P250 du baby-rover qui, avec 250 chevaux, n&rsquo;est pas en reste. Qu&rsquo;il tente de se frayer un chemin dans un col de montagne ou qu&rsquo;il se lance sur l&rsquo;autoroute, l&rsquo;Evoque s&rsquo;adapte sans effort \u00e0 toutes les conditions routi\u00e8res. Louez un Range Rover Evoque NEW \u00e0 Monaco avec Elite Rent-a-Car et profitez de la voiture de location parfaite pour votre voyage en Europe.<\/p>\n","protected":false},"excerpt":{"rendered":"<p>[jet_post_terms tax:=\u00a0\u00bbcountry\u00a0\u00bb]<\/p>\n","protected":false},"featured_media":35911,"template":"","meta":{"_acf_changed":false,"site-sidebar-layout":"no-sidebar","site-content-layout":"plain-container","ast-site-content-layout":"normal-width-container","site-content-style":"unboxed","site-sidebar-style":"unboxed","ast-global-header-display":"","ast-banner-title-visibility":"","ast-main-header-display":"","ast-hfb-above-header-display":"","ast-hfb-below-header-display":"","ast-hfb-mobile-header-display":"","site-post-title":"","ast-breadcrumbs-content":"","ast-featured-img":"","footer-sml-layout":"","theme-transparent-header-meta":"default","adv-header-id-meta":"","stick-header-meta":"","header-above-stick-meta":"","header-main-stick-meta":"","header-below-stick-meta":"","astra-migrate-meta-layouts":"default","ast-page-background-enabled":"default","ast-page-background-meta":{"desktop":{"background-color":"","background-image":"","background-repeat":"repeat","background-position":"center center","background-size":"auto","background-attachment":"scroll","background-type":"","background-media":"","overlay-type":"","overlay-color":"","overlay-opacity":"","overlay-gradient":""},"tablet":{"background-color":"","background-image":"","background-repeat":"repeat","background-position":"center center","background-size":"auto","background-attachment":"scroll","background-type":"","background-media":"","overlay-type":"","overlay-color":"","overlay-opacity":"","overlay-gradient":""},"mobile":{"background-color":"","background-image":"","background-repeat":"repeat","background-position":"center center","background-size":"auto","background-attachment":"scroll","background-type":"","background-media":"","overlay-type":"","overlay-color":"","overlay-opacity":"","overlay-gradient":""}},"ast-content-background-meta":{"desktop":{"background-color":"var(--ast-global-color-5)","background-image":"","background-repeat":"repeat","background-position":"center center","background-size":"auto","background-attachment":"scroll","background-type":"","background-media":"","overlay-type":"","overlay-color":"","overlay-opacity":"","overlay-gradient":""},"tablet":{"background-color":"var(--ast-global-color-5)","background-image":"","background-repeat":"repeat","background-position":"center center","background-size":"auto","background-attachment":"scroll","background-type":"","background-media":"","overlay-type":"","overlay-color":"","overlay-opacity":"","overlay-gradient":""},"mobile":{"background-color":"var(--ast-global-color-5)","background-image":"","background-repeat":"repeat","background-position":"center center","background-size":"auto","background-attachment":"scroll","background-type":"","background-media":"","overlay-type":"","overlay-color":"","overlay-opacity":"","overlay-gradient":""}}},"product_brand":[],"product_cat":[1822],"product_tag":[],"agency-2":[],"agency-1":[2698],"model":[],"brand":[1263],"types":[2309],"city":[2647,2648,2649,2650,2623],"country":[2313],"service":[],"class_list":{"0":"post-50653","1":"product","2":"type-product","3":"status-publish","4":"has-post-thumbnail","6":"product_cat-suv-4x4","7":"agency-1-monaco-fr","8":"brand-louer-une-range-rover","9":"types-suv-4x4-fr","10":"city-beaulieu-fr","11":"city-cap-dail-fr","12":"city-eze-fr","13":"city-monte-carlo-fr","14":"city-saint-jean-cap-ferrat-fr","15":"country-monaco-fr","16":"desktop-align-left","17":"tablet-align-left","18":"mobile-align-left","20":"first","21":"instock","22":"shipping-taxable","23":"purchasable","24":"product-type-redq_rental"},"acf":[],"yoast_head":"<!-- This site is optimized with the Yoast SEO plugin v27.4 - https:\/\/yoast.com\/product\/yoast-seo-wordpress\/ -->\n<title>Louer la Range Rover Evoque \u00e0 Monaco avec Elite Rent.<\/title>\n<meta name=\"description\" content=\"Louer la Range Rover Evoque \u00e0 Monaco avec Elite Rent - Livraison et reprise sur mesure \u00e0 Monte-Carlo, Monaco.\" \/>\n<meta name=\"robots\" content=\"index, follow, max-snippet:-1, max-image-preview:large, max-video-preview:-1\" \/>\n<link rel=\"canonical\" href=\"https:\/\/www.eliterent.com\/fr\/location-voiture-prestige\/suv-4x4\/range-rover-evoque-monte-carlo-monaco\/\" \/>\n<meta property=\"og:locale\" content=\"fr_FR\" \/>\n<meta property=\"og:type\" content=\"article\" \/>\n<meta property=\"og:title\" content=\"Louer la Range Rover Evoque \u00e0 Monaco avec Elite Rent.\" \/>\n<meta property=\"og:description\" content=\"Louer la Range Rover Evoque \u00e0 Monaco avec Elite Rent - Livraison et reprise sur mesure \u00e0 Monte-Carlo, Monaco.\" \/>\n<meta property=\"og:url\" content=\"https:\/\/www.eliterent.com\/fr\/location-voiture-prestige\/suv-4x4\/range-rover-evoque-monte-carlo-monaco\/\" \/>\n<meta property=\"og:site_name\" content=\"Elite Rent\" \/>\n<meta property=\"article:modified_time\" content=\"2025-05-20T10:44:32+00:00\" \/>\n<meta property=\"og:image\" content=\"https:\/\/www.eliterent.com\/wp-content\/uploads\/2021\/06\/WEB_RR_Evoque_Front-2-1-2.jpg\" \/>\n\t<meta property=\"og:image:width\" content=\"425\" \/>\n\t<meta property=\"og:image:height\" content=\"250\" \/>\n\t<meta property=\"og:image:type\" content=\"image\/jpeg\" \/>\n<meta name=\"twitter:card\" content=\"summary_large_image\" \/>\n<script type=\"application\/ld+json\" class=\"yoast-schema-graph\">{\"@context\":\"https:\\\/\\\/schema.org\",\"@graph\":[{\"@type\":\"WebPage\",\"@id\":\"https:\\\/\\\/www.eliterent.com\\\/fr\\\/location-voiture-prestige\\\/suv-4x4\\\/range-rover-evoque-monte-carlo-monaco\\\/\",\"url\":\"https:\\\/\\\/www.eliterent.com\\\/fr\\\/location-voiture-prestige\\\/suv-4x4\\\/range-rover-evoque-monte-carlo-monaco\\\/\",\"name\":\"Louer la Range Rover Evoque \u00e0 Monaco avec Elite Rent.\",\"isPartOf\":{\"@id\":\"https:\\\/\\\/www.eliterent.com\\\/#website\"},\"primaryImageOfPage\":{\"@id\":\"https:\\\/\\\/www.eliterent.com\\\/fr\\\/location-voiture-prestige\\\/suv-4x4\\\/range-rover-evoque-monte-carlo-monaco\\\/#primaryimage\"},\"image\":{\"@id\":\"https:\\\/\\\/www.eliterent.com\\\/fr\\\/location-voiture-prestige\\\/suv-4x4\\\/range-rover-evoque-monte-carlo-monaco\\\/#primaryimage\"},\"thumbnailUrl\":\"https:\\\/\\\/www.eliterent.com\\\/wp-content\\\/uploads\\\/2021\\\/06\\\/WEB_RR_Evoque_Front-2-1-2.jpg\",\"datePublished\":\"2021-05-21T21:00:43+00:00\",\"dateModified\":\"2025-05-20T10:44:32+00:00\",\"description\":\"Louer la Range Rover Evoque \u00e0 Monaco avec Elite Rent - Livraison et reprise sur mesure \u00e0 Monte-Carlo, Monaco.\",\"breadcrumb\":{\"@id\":\"https:\\\/\\\/www.eliterent.com\\\/fr\\\/location-voiture-prestige\\\/suv-4x4\\\/range-rover-evoque-monte-carlo-monaco\\\/#breadcrumb\"},\"inLanguage\":\"fr-FR\",\"potentialAction\":[{\"@type\":\"ReadAction\",\"target\":[\"https:\\\/\\\/www.eliterent.com\\\/fr\\\/location-voiture-prestige\\\/suv-4x4\\\/range-rover-evoque-monte-carlo-monaco\\\/\"]}]},{\"@type\":\"ImageObject\",\"inLanguage\":\"fr-FR\",\"@id\":\"https:\\\/\\\/www.eliterent.com\\\/fr\\\/location-voiture-prestige\\\/suv-4x4\\\/range-rover-evoque-monte-carlo-monaco\\\/#primaryimage\",\"url\":\"https:\\\/\\\/www.eliterent.com\\\/wp-content\\\/uploads\\\/2021\\\/06\\\/WEB_RR_Evoque_Front-2-1-2.jpg\",\"contentUrl\":\"https:\\\/\\\/www.eliterent.com\\\/wp-content\\\/uploads\\\/2021\\\/06\\\/WEB_RR_Evoque_Front-2-1-2.jpg\",\"width\":425,\"height\":250},{\"@type\":\"BreadcrumbList\",\"@id\":\"https:\\\/\\\/www.eliterent.com\\\/fr\\\/location-voiture-prestige\\\/suv-4x4\\\/range-rover-evoque-monte-carlo-monaco\\\/#breadcrumb\",\"itemListElement\":[{\"@type\":\"ListItem\",\"position\":1,\"name\":\"Home\",\"item\":\"https:\\\/\\\/www.eliterent.com\\\/fr\\\/\"},{\"@type\":\"ListItem\",\"position\":2,\"name\":\"Location de voitures de luxe en Europe\",\"item\":\"https:\\\/\\\/www.eliterent.com\\\/fr\\\/location-de-voitures-de-luxe-et-premium-en-europe\\\/\"},{\"@type\":\"ListItem\",\"position\":3,\"name\":\"Range Rover Evoque\"}]},{\"@type\":\"WebSite\",\"@id\":\"https:\\\/\\\/www.eliterent.com\\\/#website\",\"url\":\"https:\\\/\\\/www.eliterent.com\\\/\",\"name\":\"Elite Rent\",\"description\":\"Rent a Car\",\"publisher\":{\"@id\":\"https:\\\/\\\/www.eliterent.com\\\/#organization\"},\"potentialAction\":[{\"@type\":\"SearchAction\",\"target\":{\"@type\":\"EntryPoint\",\"urlTemplate\":\"https:\\\/\\\/www.eliterent.com\\\/?s={search_term_string}\"},\"query-input\":{\"@type\":\"PropertyValueSpecification\",\"valueRequired\":true,\"valueName\":\"search_term_string\"}}],\"inLanguage\":\"fr-FR\"},{\"@type\":\"Organization\",\"@id\":\"https:\\\/\\\/www.eliterent.com\\\/#organization\",\"name\":\"Elite Rent\",\"url\":\"https:\\\/\\\/www.eliterent.com\\\/\",\"logo\":{\"@type\":\"ImageObject\",\"inLanguage\":\"fr-FR\",\"@id\":\"https:\\\/\\\/www.eliterent.com\\\/#\\\/schema\\\/logo\\\/image\\\/\",\"url\":\"https:\\\/\\\/www.eliterent.com\\\/wp-content\\\/uploads\\\/2020\\\/03\\\/Elite_Logo_NEW_2023_Final-1.png\",\"contentUrl\":\"https:\\\/\\\/www.eliterent.com\\\/wp-content\\\/uploads\\\/2020\\\/03\\\/Elite_Logo_NEW_2023_Final-1.png\",\"width\":828,\"height\":313,\"caption\":\"Elite Rent\"},\"image\":{\"@id\":\"https:\\\/\\\/www.eliterent.com\\\/#\\\/schema\\\/logo\\\/image\\\/\"}}]}<\/script>\n<!-- \/ Yoast SEO plugin. -->","yoast_head_json":{"title":"Louer la Range Rover Evoque \u00e0 Monaco avec Elite Rent.","description":"Louer la Range Rover Evoque \u00e0 Monaco avec Elite Rent - Livraison et reprise sur mesure \u00e0 Monte-Carlo, Monaco.","robots":{"index":"index","follow":"follow","max-snippet":"max-snippet:-1","max-image-preview":"max-image-preview:large","max-video-preview":"max-video-preview:-1"},"canonical":"https:\/\/www.eliterent.com\/fr\/location-voiture-prestige\/suv-4x4\/range-rover-evoque-monte-carlo-monaco\/","og_locale":"fr_FR","og_type":"article","og_title":"Louer la Range Rover Evoque \u00e0 Monaco avec Elite Rent.","og_description":"Louer la Range Rover Evoque \u00e0 Monaco avec Elite Rent - Livraison et reprise sur mesure \u00e0 Monte-Carlo, Monaco.","og_url":"https:\/\/www.eliterent.com\/fr\/location-voiture-prestige\/suv-4x4\/range-rover-evoque-monte-carlo-monaco\/","og_site_name":"Elite Rent","article_modified_time":"2025-05-20T10:44:32+00:00","og_image":[{"width":425,"height":250,"url":"https:\/\/www.eliterent.com\/wp-content\/uploads\/2021\/06\/WEB_RR_Evoque_Front-2-1-2.jpg","type":"image\/jpeg"}],"twitter_card":"summary_large_image","schema":{"@context":"https:\/\/schema.org","@graph":[{"@type":"WebPage","@id":"https:\/\/www.eliterent.com\/fr\/location-voiture-prestige\/suv-4x4\/range-rover-evoque-monte-carlo-monaco\/","url":"https:\/\/www.eliterent.com\/fr\/location-voiture-prestige\/suv-4x4\/range-rover-evoque-monte-carlo-monaco\/","name":"Louer la Range Rover Evoque \u00e0 Monaco avec Elite Rent.","isPartOf":{"@id":"https:\/\/www.eliterent.com\/#website"},"primaryImageOfPage":{"@id":"https:\/\/www.eliterent.com\/fr\/location-voiture-prestige\/suv-4x4\/range-rover-evoque-monte-carlo-monaco\/#primaryimage"},"image":{"@id":"https:\/\/www.eliterent.com\/fr\/location-voiture-prestige\/suv-4x4\/range-rover-evoque-monte-carlo-monaco\/#primaryimage"},"thumbnailUrl":"https:\/\/www.eliterent.com\/wp-content\/uploads\/2021\/06\/WEB_RR_Evoque_Front-2-1-2.jpg","datePublished":"2021-05-21T21:00:43+00:00","dateModified":"2025-05-20T10:44:32+00:00","description":"Louer la Range Rover Evoque \u00e0 Monaco avec Elite Rent - Livraison et reprise sur mesure \u00e0 Monte-Carlo, Monaco.","breadcrumb":{"@id":"https:\/\/www.eliterent.com\/fr\/location-voiture-prestige\/suv-4x4\/range-rover-evoque-monte-carlo-monaco\/#breadcrumb"},"inLanguage":"fr-FR","potentialAction":[{"@type":"ReadAction","target":["https:\/\/www.eliterent.com\/fr\/location-voiture-prestige\/suv-4x4\/range-rover-evoque-monte-carlo-monaco\/"]}]},{"@type":"ImageObject","inLanguage":"fr-FR","@id":"https:\/\/www.eliterent.com\/fr\/location-voiture-prestige\/suv-4x4\/range-rover-evoque-monte-carlo-monaco\/#primaryimage","url":"https:\/\/www.eliterent.com\/wp-content\/uploads\/2021\/06\/WEB_RR_Evoque_Front-2-1-2.jpg","contentUrl":"https:\/\/www.eliterent.com\/wp-content\/uploads\/2021\/06\/WEB_RR_Evoque_Front-2-1-2.jpg","width":425,"height":250},{"@type":"BreadcrumbList","@id":"https:\/\/www.eliterent.com\/fr\/location-voiture-prestige\/suv-4x4\/range-rover-evoque-monte-carlo-monaco\/#breadcrumb","itemListElement":[{"@type":"ListItem","position":1,"name":"Home","item":"https:\/\/www.eliterent.com\/fr\/"},{"@type":"ListItem","position":2,"name":"Location de voitures de luxe en Europe","item":"https:\/\/www.eliterent.com\/fr\/location-de-voitures-de-luxe-et-premium-en-europe\/"},{"@type":"ListItem","position":3,"name":"Range Rover Evoque"}]},{"@type":"WebSite","@id":"https:\/\/www.eliterent.com\/#website","url":"https:\/\/www.eliterent.com\/","name":"Elite Rent","description":"Rent a Car","publisher":{"@id":"https:\/\/www.eliterent.com\/#organization"},"potentialAction":[{"@type":"SearchAction","target":{"@type":"EntryPoint","urlTemplate":"https:\/\/www.eliterent.com\/?s={search_term_string}"},"query-input":{"@type":"PropertyValueSpecification","valueRequired":true,"valueName":"search_term_string"}}],"inLanguage":"fr-FR"},{"@type":"Organization","@id":"https:\/\/www.eliterent.com\/#organization","name":"Elite Rent","url":"https:\/\/www.eliterent.com\/","logo":{"@type":"ImageObject","inLanguage":"fr-FR","@id":"https:\/\/www.eliterent.com\/#\/schema\/logo\/image\/","url":"https:\/\/www.eliterent.com\/wp-content\/uploads\/2020\/03\/Elite_Logo_NEW_2023_Final-1.png","contentUrl":"https:\/\/www.eliterent.com\/wp-content\/uploads\/2020\/03\/Elite_Logo_NEW_2023_Final-1.png","width":828,"height":313,"caption":"Elite Rent"},"image":{"@id":"https:\/\/www.eliterent.com\/#\/schema\/logo\/image\/"}}]}},"_links":{"self":[{"href":"https:\/\/www.eliterent.com\/fr\/wp-json\/wp\/v2\/product\/50653","targetHints":{"allow":["GET"]}}],"collection":[{"href":"https:\/\/www.eliterent.com\/fr\/wp-json\/wp\/v2\/product"}],"about":[{"href":"https:\/\/www.eliterent.com\/fr\/wp-json\/wp\/v2\/types\/product"}],"version-history":[{"count":0,"href":"https:\/\/www.eliterent.com\/fr\/wp-json\/wp\/v2\/product\/50653\/revisions"}],"wp:featuredmedia":[{"embeddable":true,"href":"https:\/\/www.eliterent.com\/fr\/wp-json\/wp\/v2\/media\/35911"}],"wp:attachment":[{"href":"https:\/\/www.eliterent.com\/fr\/wp-json\/wp\/v2\/media?parent=50653"}],"wp:term":[{"taxonomy":"product_brand","embeddable":true,"href":"https:\/\/www.eliterent.com\/fr\/wp-json\/wp\/v2\/product_brand?post=50653"},{"taxonomy":"product_cat","embeddable":true,"href":"https:\/\/www.eliterent.com\/fr\/wp-json\/wp\/v2\/product_cat?post=50653"},{"taxonomy":"product_tag","embeddable":true,"href":"https:\/\/www.eliterent.com\/fr\/wp-json\/wp\/v2\/product_tag?post=50653"},{"taxonomy":"agency-2","embeddable":true,"href":"https:\/\/www.eliterent.com\/fr\/wp-json\/wp\/v2\/agency-2?post=50653"},{"taxonomy":"agency-1","embeddable":true,"href":"https:\/\/www.eliterent.com\/fr\/wp-json\/wp\/v2\/agency-1?post=50653"},{"taxonomy":"model","embeddable":true,"href":"https:\/\/www.eliterent.com\/fr\/wp-json\/wp\/v2\/model?post=50653"},{"taxonomy":"brand","embeddable":true,"href":"https:\/\/www.eliterent.com\/fr\/wp-json\/wp\/v2\/brand?post=50653"},{"taxonomy":"types","embeddable":true,"href":"https:\/\/www.eliterent.com\/fr\/wp-json\/wp\/v2\/types?post=50653"},{"taxonomy":"city","embeddable":true,"href":"https:\/\/www.eliterent.com\/fr\/wp-json\/wp\/v2\/city?post=50653"},{"taxonomy":"country","embeddable":true,"href":"https:\/\/www.eliterent.com\/fr\/wp-json\/wp\/v2\/country?post=50653"},{"taxonomy":"service","embeddable":true,"href":"https:\/\/www.eliterent.com\/fr\/wp-json\/wp\/v2\/service?post=50653"}],"curies":[{"name":"wp","href":"https:\/\/api.w.org\/{rel}","templated":true}]}}