{"id":50101,"date":"2021-05-22T23:07:19","date_gmt":"2021-05-22T21:04:19","guid":{"rendered":"https:\/\/dev-elite.online\/fleet-elite-rent-a-car\/bmw-420-sport-cabrio-m\/"},"modified":"2025-11-19T16:17:51","modified_gmt":"2025-11-19T15:17:51","slug":"bmw-serie-4-cabriolet-milan-malpensa","status":"publish","type":"product","link":"https:\/\/www.eliterent.com\/fr\/location-voiture-prestige\/best-sellers-fr\/bmw-serie-4-cabriolet-milan-malpensa\/","title":{"rendered":"BMW S\u00e9rie 4 Cabriolet"},"content":{"rendered":"<p>En tant que rempla\u00e7ante du coup\u00e9 et du cabriolet S\u00e9rie 3, la S\u00e9rie 4 n&rsquo;est pas seulement un nouveau num\u00e9ro pour BMW mais un nouveau langage de design avec des lignes plus longues et plus \u00e9l\u00e9gantes. Comme sur le mod\u00e8le pr\u00e9c\u00e9dent, le toit rigide se replie en quelques secondes pour vous donner ces sensations de plein air, et peut se replier pour transformer la 420i en un superbe coup\u00e9. La 420i est \u00e9quip\u00e9e d&rsquo;un moteur 4 cylindres de 2,0 litres d\u00e9veloppant 180 ch, cette S\u00e9rie 4 pourra passer de 0-100 km\/h en 7,3 secondes. \u00c0 l&rsquo;int\u00e9rieur, l&rsquo;habitacle sportif avec des touches de cuir personnalis\u00e9es et de nombreuses options permettent au conducteur de se sentir comme chez lui. Louez une BMW S\u00e9rie 4 Cabriolet en Italie avec Elite Rent-a-Car et profitez de la voiture de location parfaite pour votre voyage en Europe.<\/p>\n","protected":false},"excerpt":{"rendered":"<p>[jet_post_terms tax:=\u00a0\u00bbcountry\u00a0\u00bb]<\/p>\n","protected":false},"featured_media":57582,"template":"","meta":{"_acf_changed":false,"site-sidebar-layout":"no-sidebar","site-content-layout":"plain-container","ast-site-content-layout":"normal-width-container","site-content-style":"unboxed","site-sidebar-style":"unboxed","ast-global-header-display":"","ast-banner-title-visibility":"","ast-main-header-display":"","ast-hfb-above-header-display":"","ast-hfb-below-header-display":"","ast-hfb-mobile-header-display":"","site-post-title":"","ast-breadcrumbs-content":"","ast-featured-img":"","footer-sml-layout":"","theme-transparent-header-meta":"default","adv-header-id-meta":"","stick-header-meta":"","header-above-stick-meta":"","header-main-stick-meta":"","header-below-stick-meta":"","astra-migrate-meta-layouts":"default","ast-page-background-enabled":"default","ast-page-background-meta":{"desktop":{"background-color":"","background-image":"","background-repeat":"repeat","background-position":"center center","background-size":"auto","background-attachment":"scroll","background-type":"","background-media":"","overlay-type":"","overlay-color":"","overlay-opacity":"","overlay-gradient":""},"tablet":{"background-color":"","background-image":"","background-repeat":"repeat","background-position":"center center","background-size":"auto","background-attachment":"scroll","background-type":"","background-media":"","overlay-type":"","overlay-color":"","overlay-opacity":"","overlay-gradient":""},"mobile":{"background-color":"","background-image":"","background-repeat":"repeat","background-position":"center center","background-size":"auto","background-attachment":"scroll","background-type":"","background-media":"","overlay-type":"","overlay-color":"","overlay-opacity":"","overlay-gradient":""}},"ast-content-background-meta":{"desktop":{"background-color":"var(--ast-global-color-5)","background-image":"","background-repeat":"repeat","background-position":"center center","background-size":"auto","background-attachment":"scroll","background-type":"","background-media":"","overlay-type":"","overlay-color":"","overlay-opacity":"","overlay-gradient":""},"tablet":{"background-color":"var(--ast-global-color-5)","background-image":"","background-repeat":"repeat","background-position":"center center","background-size":"auto","background-attachment":"scroll","background-type":"","background-media":"","overlay-type":"","overlay-color":"","overlay-opacity":"","overlay-gradient":""},"mobile":{"background-color":"var(--ast-global-color-5)","background-image":"","background-repeat":"repeat","background-position":"center center","background-size":"auto","background-attachment":"scroll","background-type":"","background-media":"","overlay-type":"","overlay-color":"","overlay-opacity":"","overlay-gradient":""}}},"product_brand":[],"product_cat":[1939,2298],"product_tag":[],"agency-2":[2693],"agency-1":[2697],"model":[],"brand":[2303],"types":[2329],"city":[2641,2642,2643,2644,2645],"country":[2311],"service":[],"class_list":{"0":"post-50101","1":"product","2":"type-product","3":"status-publish","4":"has-post-thumbnail","6":"product_cat-best-sellers-fr","7":"product_cat-sportive-cabriolet","8":"agency-2-rome-fr","9":"agency-1-milan-fr","10":"brand-louer-une-bmw","11":"types-sports-convertible-fr","12":"city-amalfi-fr","13":"city-como-fr","14":"city-florence-fr","15":"city-naples-fr","16":"city-venice-fr","17":"country-italy-milan-fr","18":"desktop-align-left","19":"tablet-align-left","20":"mobile-align-left","22":"first","23":"instock","24":"shipping-taxable","25":"purchasable","26":"product-type-redq_rental"},"acf":[],"yoast_head":"<!-- This site is optimized with the Yoast SEO plugin v27.4 - https:\/\/yoast.com\/product\/yoast-seo-wordpress\/ -->\n<title>Louer la BMW S\u00e9rie 4 Cabriolet en Italie (Milan) avec Elite Rent.<\/title>\n<meta name=\"description\" content=\"Louer la BMW S\u00e9rie 4 Cabriolet en Italie (Milan) avec Elite Rent - Livraison sur mesure \u00e0 Milan, Malpensa, Linate, Como, Venize.\" \/>\n<meta name=\"robots\" content=\"index, follow, max-snippet:-1, max-image-preview:large, max-video-preview:-1\" \/>\n<link rel=\"canonical\" href=\"https:\/\/www.eliterent.com\/fr\/location-voiture-prestige\/best-sellers-fr\/bmw-serie-4-cabriolet-milan-malpensa\/\" \/>\n<meta property=\"og:locale\" content=\"fr_FR\" \/>\n<meta property=\"og:type\" content=\"article\" \/>\n<meta property=\"og:title\" content=\"Louer la BMW S\u00e9rie 4 Cabriolet en Italie (Milan) avec Elite Rent.\" \/>\n<meta property=\"og:description\" content=\"Louer la BMW S\u00e9rie 4 Cabriolet en Italie (Milan) avec Elite Rent - Livraison sur mesure \u00e0 Milan, Malpensa, Linate, Como, Venize.\" \/>\n<meta property=\"og:url\" content=\"https:\/\/www.eliterent.com\/fr\/location-voiture-prestige\/best-sellers-fr\/bmw-serie-4-cabriolet-milan-malpensa\/\" \/>\n<meta property=\"og:site_name\" content=\"Elite Rent\" \/>\n<meta property=\"article:modified_time\" content=\"2025-11-19T15:17:51+00:00\" \/>\n<meta property=\"og:image\" content=\"https:\/\/www.eliterent.com\/wp-content\/uploads\/2021\/05\/WEB_BMW_4_Cab_2021_FrontBlack.jpg\" \/>\n\t<meta property=\"og:image:width\" content=\"425\" \/>\n\t<meta property=\"og:image:height\" content=\"250\" \/>\n\t<meta property=\"og:image:type\" content=\"image\/jpeg\" \/>\n<meta name=\"twitter:card\" content=\"summary_large_image\" \/>\n<script type=\"application\/ld+json\" class=\"yoast-schema-graph\">{\"@context\":\"https:\\\/\\\/schema.org\",\"@graph\":[{\"@type\":\"WebPage\",\"@id\":\"https:\\\/\\\/www.eliterent.com\\\/fr\\\/location-voiture-prestige\\\/best-sellers-fr\\\/bmw-serie-4-cabriolet-milan-malpensa\\\/\",\"url\":\"https:\\\/\\\/www.eliterent.com\\\/fr\\\/location-voiture-prestige\\\/best-sellers-fr\\\/bmw-serie-4-cabriolet-milan-malpensa\\\/\",\"name\":\"Louer la BMW S\u00e9rie 4 Cabriolet en Italie (Milan) avec Elite Rent.\",\"isPartOf\":{\"@id\":\"https:\\\/\\\/www.eliterent.com\\\/#website\"},\"primaryImageOfPage\":{\"@id\":\"https:\\\/\\\/www.eliterent.com\\\/fr\\\/location-voiture-prestige\\\/best-sellers-fr\\\/bmw-serie-4-cabriolet-milan-malpensa\\\/#primaryimage\"},\"image\":{\"@id\":\"https:\\\/\\\/www.eliterent.com\\\/fr\\\/location-voiture-prestige\\\/best-sellers-fr\\\/bmw-serie-4-cabriolet-milan-malpensa\\\/#primaryimage\"},\"thumbnailUrl\":\"https:\\\/\\\/www.eliterent.com\\\/wp-content\\\/uploads\\\/2021\\\/05\\\/WEB_BMW_4_Cab_2021_FrontBlack.jpg\",\"datePublished\":\"2021-05-22T21:04:19+00:00\",\"dateModified\":\"2025-11-19T15:17:51+00:00\",\"description\":\"Louer la BMW S\u00e9rie 4 Cabriolet en Italie (Milan) avec Elite Rent - Livraison sur mesure \u00e0 Milan, Malpensa, Linate, Como, Venize.\",\"breadcrumb\":{\"@id\":\"https:\\\/\\\/www.eliterent.com\\\/fr\\\/location-voiture-prestige\\\/best-sellers-fr\\\/bmw-serie-4-cabriolet-milan-malpensa\\\/#breadcrumb\"},\"inLanguage\":\"fr-FR\",\"potentialAction\":[{\"@type\":\"ReadAction\",\"target\":[\"https:\\\/\\\/www.eliterent.com\\\/fr\\\/location-voiture-prestige\\\/best-sellers-fr\\\/bmw-serie-4-cabriolet-milan-malpensa\\\/\"]}]},{\"@type\":\"ImageObject\",\"inLanguage\":\"fr-FR\",\"@id\":\"https:\\\/\\\/www.eliterent.com\\\/fr\\\/location-voiture-prestige\\\/best-sellers-fr\\\/bmw-serie-4-cabriolet-milan-malpensa\\\/#primaryimage\",\"url\":\"https:\\\/\\\/www.eliterent.com\\\/wp-content\\\/uploads\\\/2021\\\/05\\\/WEB_BMW_4_Cab_2021_FrontBlack.jpg\",\"contentUrl\":\"https:\\\/\\\/www.eliterent.com\\\/wp-content\\\/uploads\\\/2021\\\/05\\\/WEB_BMW_4_Cab_2021_FrontBlack.jpg\",\"width\":425,\"height\":250},{\"@type\":\"BreadcrumbList\",\"@id\":\"https:\\\/\\\/www.eliterent.com\\\/fr\\\/location-voiture-prestige\\\/best-sellers-fr\\\/bmw-serie-4-cabriolet-milan-malpensa\\\/#breadcrumb\",\"itemListElement\":[{\"@type\":\"ListItem\",\"position\":1,\"name\":\"Home\",\"item\":\"https:\\\/\\\/www.eliterent.com\\\/fr\\\/\"},{\"@type\":\"ListItem\",\"position\":2,\"name\":\"Location de voitures de luxe en Europe\",\"item\":\"https:\\\/\\\/www.eliterent.com\\\/fr\\\/location-de-voitures-de-luxe-et-premium-en-europe\\\/\"},{\"@type\":\"ListItem\",\"position\":3,\"name\":\"BMW S\u00e9rie 4 Cabriolet\"}]},{\"@type\":\"WebSite\",\"@id\":\"https:\\\/\\\/www.eliterent.com\\\/#website\",\"url\":\"https:\\\/\\\/www.eliterent.com\\\/\",\"name\":\"Elite Rent\",\"description\":\"Rent a Car\",\"publisher\":{\"@id\":\"https:\\\/\\\/www.eliterent.com\\\/#organization\"},\"potentialAction\":[{\"@type\":\"SearchAction\",\"target\":{\"@type\":\"EntryPoint\",\"urlTemplate\":\"https:\\\/\\\/www.eliterent.com\\\/?s={search_term_string}\"},\"query-input\":{\"@type\":\"PropertyValueSpecification\",\"valueRequired\":true,\"valueName\":\"search_term_string\"}}],\"inLanguage\":\"fr-FR\"},{\"@type\":\"Organization\",\"@id\":\"https:\\\/\\\/www.eliterent.com\\\/#organization\",\"name\":\"Elite Rent\",\"url\":\"https:\\\/\\\/www.eliterent.com\\\/\",\"logo\":{\"@type\":\"ImageObject\",\"inLanguage\":\"fr-FR\",\"@id\":\"https:\\\/\\\/www.eliterent.com\\\/#\\\/schema\\\/logo\\\/image\\\/\",\"url\":\"https:\\\/\\\/www.eliterent.com\\\/wp-content\\\/uploads\\\/2020\\\/03\\\/Elite_Logo_NEW_2023_Final-1.png\",\"contentUrl\":\"https:\\\/\\\/www.eliterent.com\\\/wp-content\\\/uploads\\\/2020\\\/03\\\/Elite_Logo_NEW_2023_Final-1.png\",\"width\":828,\"height\":313,\"caption\":\"Elite Rent\"},\"image\":{\"@id\":\"https:\\\/\\\/www.eliterent.com\\\/#\\\/schema\\\/logo\\\/image\\\/\"}}]}<\/script>\n<!-- \/ Yoast SEO plugin. -->","yoast_head_json":{"title":"Louer la BMW S\u00e9rie 4 Cabriolet en Italie (Milan) avec Elite Rent.","description":"Louer la BMW S\u00e9rie 4 Cabriolet en Italie (Milan) avec Elite Rent - Livraison sur mesure \u00e0 Milan, Malpensa, Linate, Como, Venize.","robots":{"index":"index","follow":"follow","max-snippet":"max-snippet:-1","max-image-preview":"max-image-preview:large","max-video-preview":"max-video-preview:-1"},"canonical":"https:\/\/www.eliterent.com\/fr\/location-voiture-prestige\/best-sellers-fr\/bmw-serie-4-cabriolet-milan-malpensa\/","og_locale":"fr_FR","og_type":"article","og_title":"Louer la BMW S\u00e9rie 4 Cabriolet en Italie (Milan) avec Elite Rent.","og_description":"Louer la BMW S\u00e9rie 4 Cabriolet en Italie (Milan) avec Elite Rent - Livraison sur mesure \u00e0 Milan, Malpensa, Linate, Como, Venize.","og_url":"https:\/\/www.eliterent.com\/fr\/location-voiture-prestige\/best-sellers-fr\/bmw-serie-4-cabriolet-milan-malpensa\/","og_site_name":"Elite Rent","article_modified_time":"2025-11-19T15:17:51+00:00","og_image":[{"width":425,"height":250,"url":"https:\/\/www.eliterent.com\/wp-content\/uploads\/2021\/05\/WEB_BMW_4_Cab_2021_FrontBlack.jpg","type":"image\/jpeg"}],"twitter_card":"summary_large_image","schema":{"@context":"https:\/\/schema.org","@graph":[{"@type":"WebPage","@id":"https:\/\/www.eliterent.com\/fr\/location-voiture-prestige\/best-sellers-fr\/bmw-serie-4-cabriolet-milan-malpensa\/","url":"https:\/\/www.eliterent.com\/fr\/location-voiture-prestige\/best-sellers-fr\/bmw-serie-4-cabriolet-milan-malpensa\/","name":"Louer la BMW S\u00e9rie 4 Cabriolet en Italie (Milan) avec Elite Rent.","isPartOf":{"@id":"https:\/\/www.eliterent.com\/#website"},"primaryImageOfPage":{"@id":"https:\/\/www.eliterent.com\/fr\/location-voiture-prestige\/best-sellers-fr\/bmw-serie-4-cabriolet-milan-malpensa\/#primaryimage"},"image":{"@id":"https:\/\/www.eliterent.com\/fr\/location-voiture-prestige\/best-sellers-fr\/bmw-serie-4-cabriolet-milan-malpensa\/#primaryimage"},"thumbnailUrl":"https:\/\/www.eliterent.com\/wp-content\/uploads\/2021\/05\/WEB_BMW_4_Cab_2021_FrontBlack.jpg","datePublished":"2021-05-22T21:04:19+00:00","dateModified":"2025-11-19T15:17:51+00:00","description":"Louer la BMW S\u00e9rie 4 Cabriolet en Italie (Milan) avec Elite Rent - Livraison sur mesure \u00e0 Milan, Malpensa, Linate, Como, Venize.","breadcrumb":{"@id":"https:\/\/www.eliterent.com\/fr\/location-voiture-prestige\/best-sellers-fr\/bmw-serie-4-cabriolet-milan-malpensa\/#breadcrumb"},"inLanguage":"fr-FR","potentialAction":[{"@type":"ReadAction","target":["https:\/\/www.eliterent.com\/fr\/location-voiture-prestige\/best-sellers-fr\/bmw-serie-4-cabriolet-milan-malpensa\/"]}]},{"@type":"ImageObject","inLanguage":"fr-FR","@id":"https:\/\/www.eliterent.com\/fr\/location-voiture-prestige\/best-sellers-fr\/bmw-serie-4-cabriolet-milan-malpensa\/#primaryimage","url":"https:\/\/www.eliterent.com\/wp-content\/uploads\/2021\/05\/WEB_BMW_4_Cab_2021_FrontBlack.jpg","contentUrl":"https:\/\/www.eliterent.com\/wp-content\/uploads\/2021\/05\/WEB_BMW_4_Cab_2021_FrontBlack.jpg","width":425,"height":250},{"@type":"BreadcrumbList","@id":"https:\/\/www.eliterent.com\/fr\/location-voiture-prestige\/best-sellers-fr\/bmw-serie-4-cabriolet-milan-malpensa\/#breadcrumb","itemListElement":[{"@type":"ListItem","position":1,"name":"Home","item":"https:\/\/www.eliterent.com\/fr\/"},{"@type":"ListItem","position":2,"name":"Location de voitures de luxe en Europe","item":"https:\/\/www.eliterent.com\/fr\/location-de-voitures-de-luxe-et-premium-en-europe\/"},{"@type":"ListItem","position":3,"name":"BMW S\u00e9rie 4 Cabriolet"}]},{"@type":"WebSite","@id":"https:\/\/www.eliterent.com\/#website","url":"https:\/\/www.eliterent.com\/","name":"Elite Rent","description":"Rent a Car","publisher":{"@id":"https:\/\/www.eliterent.com\/#organization"},"potentialAction":[{"@type":"SearchAction","target":{"@type":"EntryPoint","urlTemplate":"https:\/\/www.eliterent.com\/?s={search_term_string}"},"query-input":{"@type":"PropertyValueSpecification","valueRequired":true,"valueName":"search_term_string"}}],"inLanguage":"fr-FR"},{"@type":"Organization","@id":"https:\/\/www.eliterent.com\/#organization","name":"Elite Rent","url":"https:\/\/www.eliterent.com\/","logo":{"@type":"ImageObject","inLanguage":"fr-FR","@id":"https:\/\/www.eliterent.com\/#\/schema\/logo\/image\/","url":"https:\/\/www.eliterent.com\/wp-content\/uploads\/2020\/03\/Elite_Logo_NEW_2023_Final-1.png","contentUrl":"https:\/\/www.eliterent.com\/wp-content\/uploads\/2020\/03\/Elite_Logo_NEW_2023_Final-1.png","width":828,"height":313,"caption":"Elite Rent"},"image":{"@id":"https:\/\/www.eliterent.com\/#\/schema\/logo\/image\/"}}]}},"_links":{"self":[{"href":"https:\/\/www.eliterent.com\/fr\/wp-json\/wp\/v2\/product\/50101","targetHints":{"allow":["GET"]}}],"collection":[{"href":"https:\/\/www.eliterent.com\/fr\/wp-json\/wp\/v2\/product"}],"about":[{"href":"https:\/\/www.eliterent.com\/fr\/wp-json\/wp\/v2\/types\/product"}],"version-history":[{"count":0,"href":"https:\/\/www.eliterent.com\/fr\/wp-json\/wp\/v2\/product\/50101\/revisions"}],"wp:featuredmedia":[{"embeddable":true,"href":"https:\/\/www.eliterent.com\/fr\/wp-json\/wp\/v2\/media\/57582"}],"wp:attachment":[{"href":"https:\/\/www.eliterent.com\/fr\/wp-json\/wp\/v2\/media?parent=50101"}],"wp:term":[{"taxonomy":"product_brand","embeddable":true,"href":"https:\/\/www.eliterent.com\/fr\/wp-json\/wp\/v2\/product_brand?post=50101"},{"taxonomy":"product_cat","embeddable":true,"href":"https:\/\/www.eliterent.com\/fr\/wp-json\/wp\/v2\/product_cat?post=50101"},{"taxonomy":"product_tag","embeddable":true,"href":"https:\/\/www.eliterent.com\/fr\/wp-json\/wp\/v2\/product_tag?post=50101"},{"taxonomy":"agency-2","embeddable":true,"href":"https:\/\/www.eliterent.com\/fr\/wp-json\/wp\/v2\/agency-2?post=50101"},{"taxonomy":"agency-1","embeddable":true,"href":"https:\/\/www.eliterent.com\/fr\/wp-json\/wp\/v2\/agency-1?post=50101"},{"taxonomy":"model","embeddable":true,"href":"https:\/\/www.eliterent.com\/fr\/wp-json\/wp\/v2\/model?post=50101"},{"taxonomy":"brand","embeddable":true,"href":"https:\/\/www.eliterent.com\/fr\/wp-json\/wp\/v2\/brand?post=50101"},{"taxonomy":"types","embeddable":true,"href":"https:\/\/www.eliterent.com\/fr\/wp-json\/wp\/v2\/types?post=50101"},{"taxonomy":"city","embeddable":true,"href":"https:\/\/www.eliterent.com\/fr\/wp-json\/wp\/v2\/city?post=50101"},{"taxonomy":"country","embeddable":true,"href":"https:\/\/www.eliterent.com\/fr\/wp-json\/wp\/v2\/country?post=50101"},{"taxonomy":"service","embeddable":true,"href":"https:\/\/www.eliterent.com\/fr\/wp-json\/wp\/v2\/service?post=50101"}],"curies":[{"name":"wp","href":"https:\/\/api.w.org\/{rel}","templated":true}]}}