{"id":50037,"date":"2021-05-21T07:37:15","date_gmt":"2021-05-21T05:37:15","guid":{"rendered":"https:\/\/dev-elite.online\/fleet-elite-rent-a-car\/bmw-118i\/"},"modified":"2024-05-31T12:17:50","modified_gmt":"2024-05-31T10:17:50","slug":"bmw-118i-geneve-zurich","status":"publish","type":"product","link":"https:\/\/www.eliterent.com\/fr\/location-voiture-prestige\/best-sellers-fr\/bmw-118i-geneve-zurich\/","title":{"rendered":"BMW 118i"},"content":{"rendered":"<p>La toute nouvelle BMW 118i est \u00e9quip\u00e9e d&rsquo;un moteur 1,6L turbo d\u00e9veloppant un total de 140 ch coupl\u00e9 \u00e0 une transmission automatique \u00e0 huit vitesses. Son ch\u00e2ssis solide et de petite taille permet une excellente tenue de route et une impression g\u00e9n\u00e9rale de plaisir au volant. La s\u00e9rie 1 de BMW est une berline compacte sportive inccarnant le savoir-faire de la marque allemande. La BMW 118i est une petite voiture tr\u00e8s comp\u00e9tente et tr\u00e8s pratique qui vous transportera avec style. Au volant, le standard de qualit\u00e9 BMW se poursuit avec un int\u00e9rieur sportif mais accommodant, incluant la navigation et la climatisation, ce qui en fait la voiture id\u00e9ale pour la ville. Louez une BMW 118i en Suisse avec Elite Rent-a-Car et profitez de la voiture de location parfaite pour votre voyage en Europe.<\/p>\n","protected":false},"excerpt":{"rendered":"<p>[jet_post_terms tax:=\u00a0\u00bbcountry\u00a0\u00bb]<\/p>\n","protected":false},"featured_media":54109,"template":"","meta":{"_acf_changed":false,"site-sidebar-layout":"no-sidebar","site-content-layout":"plain-container","ast-site-content-layout":"","site-content-style":"default","site-sidebar-style":"default","ast-global-header-display":"","ast-banner-title-visibility":"","ast-main-header-display":"","ast-hfb-above-header-display":"","ast-hfb-below-header-display":"","ast-hfb-mobile-header-display":"","site-post-title":"","ast-breadcrumbs-content":"","ast-featured-img":"","footer-sml-layout":"","theme-transparent-header-meta":"default","adv-header-id-meta":"","stick-header-meta":"","header-above-stick-meta":"","header-main-stick-meta":"","header-below-stick-meta":"","astra-migrate-meta-layouts":"default","ast-page-background-enabled":"default","ast-page-background-meta":{"desktop":{"background-color":"","background-image":"","background-repeat":"repeat","background-position":"center center","background-size":"auto","background-attachment":"scroll","background-type":"","background-media":"","overlay-type":"","overlay-color":"","overlay-opacity":"","overlay-gradient":""},"tablet":{"background-color":"","background-image":"","background-repeat":"repeat","background-position":"center center","background-size":"auto","background-attachment":"scroll","background-type":"","background-media":"","overlay-type":"","overlay-color":"","overlay-opacity":"","overlay-gradient":""},"mobile":{"background-color":"","background-image":"","background-repeat":"repeat","background-position":"center center","background-size":"auto","background-attachment":"scroll","background-type":"","background-media":"","overlay-type":"","overlay-color":"","overlay-opacity":"","overlay-gradient":""}},"ast-content-background-meta":{"desktop":{"background-color":"var(--ast-global-color-5)","background-image":"","background-repeat":"repeat","background-position":"center center","background-size":"auto","background-attachment":"scroll","background-type":"","background-media":"","overlay-type":"","overlay-color":"","overlay-opacity":"","overlay-gradient":""},"tablet":{"background-color":"var(--ast-global-color-5)","background-image":"","background-repeat":"repeat","background-position":"center center","background-size":"auto","background-attachment":"scroll","background-type":"","background-media":"","overlay-type":"","overlay-color":"","overlay-opacity":"","overlay-gradient":""},"mobile":{"background-color":"var(--ast-global-color-5)","background-image":"","background-repeat":"repeat","background-position":"center center","background-size":"auto","background-attachment":"scroll","background-type":"","background-media":"","overlay-type":"","overlay-color":"","overlay-opacity":"","overlay-gradient":""}}},"product_brand":[],"product_cat":[2299,1939],"product_tag":[2475],"agency-2":[2690],"agency-1":[2701],"model":[],"brand":[2303],"types":[],"city":[2614,2615,2616,2617,2618],"country":[2310],"service":[],"class_list":{"0":"post-50037","1":"product","2":"type-product","3":"status-publish","4":"has-post-thumbnail","6":"product_cat-citadine","7":"product_cat-best-sellers-fr","8":"product_tag-ch","9":"agency-2-zurich-fr","10":"agency-1-geneva-fr","11":"brand-louer-une-bmw","12":"city-bad-ragaz-fr","13":"city-gstaad-fr","14":"city-interlaken-fr","15":"city-lausanne-fr","16":"city-st-moritz-fr","17":"country-switzerland-fr","18":"desktop-align-left","19":"tablet-align-left","20":"mobile-align-left","22":"first","23":"instock","24":"shipping-taxable","25":"purchasable","26":"product-type-redq_rental"},"acf":[],"yoast_head":"<!-- This site is optimized with the Yoast SEO plugin v27.4 - https:\/\/yoast.com\/product\/yoast-seo-wordpress\/ -->\n<title>Louer la BMW 118i en Suisse avec Elite Rent.<\/title>\n<meta name=\"description\" content=\"Louer la BMW 118i en Suisse avec Elite Rent - Livraison sur mesure \u00e0 Gen\u00e8ve, Zurich, Gstaad, St. Moritz, Lucerne, Lausanne.\" \/>\n<meta name=\"robots\" content=\"index, follow, max-snippet:-1, max-image-preview:large, max-video-preview:-1\" \/>\n<link rel=\"canonical\" href=\"https:\/\/www.eliterent.com\/fr\/location-voiture-prestige\/best-sellers-fr\/bmw-118i-geneve-zurich\/\" \/>\n<meta property=\"og:locale\" content=\"fr_FR\" \/>\n<meta property=\"og:type\" content=\"article\" \/>\n<meta property=\"og:title\" content=\"Louer la BMW 118i en Suisse avec Elite Rent.\" \/>\n<meta property=\"og:description\" content=\"Louer la BMW 118i en Suisse avec Elite Rent - Livraison sur mesure \u00e0 Gen\u00e8ve, Zurich, Gstaad, St. Moritz, Lucerne, Lausanne.\" \/>\n<meta property=\"og:url\" content=\"https:\/\/www.eliterent.com\/fr\/location-voiture-prestige\/best-sellers-fr\/bmw-118i-geneve-zurich\/\" \/>\n<meta property=\"og:site_name\" content=\"Elite Rent\" \/>\n<meta property=\"article:modified_time\" content=\"2024-05-31T10:17:50+00:00\" \/>\n<meta property=\"og:image\" content=\"https:\/\/www.eliterent.com\/wp-content\/uploads\/2021\/05\/WEB_BMW_118_Front_HOT.jpg\" \/>\n\t<meta property=\"og:image:width\" content=\"425\" \/>\n\t<meta property=\"og:image:height\" content=\"250\" \/>\n\t<meta property=\"og:image:type\" content=\"image\/jpeg\" \/>\n<meta name=\"twitter:card\" content=\"summary_large_image\" \/>\n<script type=\"application\/ld+json\" class=\"yoast-schema-graph\">{\"@context\":\"https:\\\/\\\/schema.org\",\"@graph\":[{\"@type\":\"WebPage\",\"@id\":\"https:\\\/\\\/www.eliterent.com\\\/fr\\\/location-voiture-prestige\\\/best-sellers-fr\\\/bmw-118i-geneve-zurich\\\/\",\"url\":\"https:\\\/\\\/www.eliterent.com\\\/fr\\\/location-voiture-prestige\\\/best-sellers-fr\\\/bmw-118i-geneve-zurich\\\/\",\"name\":\"Louer la BMW 118i en Suisse avec Elite Rent.\",\"isPartOf\":{\"@id\":\"https:\\\/\\\/www.eliterent.com\\\/#website\"},\"primaryImageOfPage\":{\"@id\":\"https:\\\/\\\/www.eliterent.com\\\/fr\\\/location-voiture-prestige\\\/best-sellers-fr\\\/bmw-118i-geneve-zurich\\\/#primaryimage\"},\"image\":{\"@id\":\"https:\\\/\\\/www.eliterent.com\\\/fr\\\/location-voiture-prestige\\\/best-sellers-fr\\\/bmw-118i-geneve-zurich\\\/#primaryimage\"},\"thumbnailUrl\":\"https:\\\/\\\/www.eliterent.com\\\/wp-content\\\/uploads\\\/2021\\\/05\\\/WEB_BMW_118_Front_HOT.jpg\",\"datePublished\":\"2021-05-21T05:37:15+00:00\",\"dateModified\":\"2024-05-31T10:17:50+00:00\",\"description\":\"Louer la BMW 118i en Suisse avec Elite Rent - Livraison sur mesure \u00e0 Gen\u00e8ve, Zurich, Gstaad, St. Moritz, Lucerne, Lausanne.\",\"breadcrumb\":{\"@id\":\"https:\\\/\\\/www.eliterent.com\\\/fr\\\/location-voiture-prestige\\\/best-sellers-fr\\\/bmw-118i-geneve-zurich\\\/#breadcrumb\"},\"inLanguage\":\"fr-FR\",\"potentialAction\":[{\"@type\":\"ReadAction\",\"target\":[\"https:\\\/\\\/www.eliterent.com\\\/fr\\\/location-voiture-prestige\\\/best-sellers-fr\\\/bmw-118i-geneve-zurich\\\/\"]}]},{\"@type\":\"ImageObject\",\"inLanguage\":\"fr-FR\",\"@id\":\"https:\\\/\\\/www.eliterent.com\\\/fr\\\/location-voiture-prestige\\\/best-sellers-fr\\\/bmw-118i-geneve-zurich\\\/#primaryimage\",\"url\":\"https:\\\/\\\/www.eliterent.com\\\/wp-content\\\/uploads\\\/2021\\\/05\\\/WEB_BMW_118_Front_HOT.jpg\",\"contentUrl\":\"https:\\\/\\\/www.eliterent.com\\\/wp-content\\\/uploads\\\/2021\\\/05\\\/WEB_BMW_118_Front_HOT.jpg\",\"width\":425,\"height\":250},{\"@type\":\"BreadcrumbList\",\"@id\":\"https:\\\/\\\/www.eliterent.com\\\/fr\\\/location-voiture-prestige\\\/best-sellers-fr\\\/bmw-118i-geneve-zurich\\\/#breadcrumb\",\"itemListElement\":[{\"@type\":\"ListItem\",\"position\":1,\"name\":\"Home\",\"item\":\"https:\\\/\\\/www.eliterent.com\\\/fr\\\/\"},{\"@type\":\"ListItem\",\"position\":2,\"name\":\"Location de voitures de luxe en Europe\",\"item\":\"https:\\\/\\\/www.eliterent.com\\\/fr\\\/location-de-voitures-de-luxe-et-premium-en-europe\\\/\"},{\"@type\":\"ListItem\",\"position\":3,\"name\":\"BMW 118i\"}]},{\"@type\":\"WebSite\",\"@id\":\"https:\\\/\\\/www.eliterent.com\\\/#website\",\"url\":\"https:\\\/\\\/www.eliterent.com\\\/\",\"name\":\"Elite Rent\",\"description\":\"Rent a Car\",\"publisher\":{\"@id\":\"https:\\\/\\\/www.eliterent.com\\\/#organization\"},\"potentialAction\":[{\"@type\":\"SearchAction\",\"target\":{\"@type\":\"EntryPoint\",\"urlTemplate\":\"https:\\\/\\\/www.eliterent.com\\\/?s={search_term_string}\"},\"query-input\":{\"@type\":\"PropertyValueSpecification\",\"valueRequired\":true,\"valueName\":\"search_term_string\"}}],\"inLanguage\":\"fr-FR\"},{\"@type\":\"Organization\",\"@id\":\"https:\\\/\\\/www.eliterent.com\\\/#organization\",\"name\":\"Elite Rent\",\"url\":\"https:\\\/\\\/www.eliterent.com\\\/\",\"logo\":{\"@type\":\"ImageObject\",\"inLanguage\":\"fr-FR\",\"@id\":\"https:\\\/\\\/www.eliterent.com\\\/#\\\/schema\\\/logo\\\/image\\\/\",\"url\":\"https:\\\/\\\/www.eliterent.com\\\/wp-content\\\/uploads\\\/2020\\\/03\\\/Elite_Logo_NEW_2023_Final-1.png\",\"contentUrl\":\"https:\\\/\\\/www.eliterent.com\\\/wp-content\\\/uploads\\\/2020\\\/03\\\/Elite_Logo_NEW_2023_Final-1.png\",\"width\":828,\"height\":313,\"caption\":\"Elite Rent\"},\"image\":{\"@id\":\"https:\\\/\\\/www.eliterent.com\\\/#\\\/schema\\\/logo\\\/image\\\/\"}}]}<\/script>\n<!-- \/ Yoast SEO plugin. -->","yoast_head_json":{"title":"Louer la BMW 118i en Suisse avec Elite Rent.","description":"Louer la BMW 118i en Suisse avec Elite Rent - Livraison sur mesure \u00e0 Gen\u00e8ve, Zurich, Gstaad, St. Moritz, Lucerne, Lausanne.","robots":{"index":"index","follow":"follow","max-snippet":"max-snippet:-1","max-image-preview":"max-image-preview:large","max-video-preview":"max-video-preview:-1"},"canonical":"https:\/\/www.eliterent.com\/fr\/location-voiture-prestige\/best-sellers-fr\/bmw-118i-geneve-zurich\/","og_locale":"fr_FR","og_type":"article","og_title":"Louer la BMW 118i en Suisse avec Elite Rent.","og_description":"Louer la BMW 118i en Suisse avec Elite Rent - Livraison sur mesure \u00e0 Gen\u00e8ve, Zurich, Gstaad, St. Moritz, Lucerne, Lausanne.","og_url":"https:\/\/www.eliterent.com\/fr\/location-voiture-prestige\/best-sellers-fr\/bmw-118i-geneve-zurich\/","og_site_name":"Elite Rent","article_modified_time":"2024-05-31T10:17:50+00:00","og_image":[{"width":425,"height":250,"url":"https:\/\/www.eliterent.com\/wp-content\/uploads\/2021\/05\/WEB_BMW_118_Front_HOT.jpg","type":"image\/jpeg"}],"twitter_card":"summary_large_image","schema":{"@context":"https:\/\/schema.org","@graph":[{"@type":"WebPage","@id":"https:\/\/www.eliterent.com\/fr\/location-voiture-prestige\/best-sellers-fr\/bmw-118i-geneve-zurich\/","url":"https:\/\/www.eliterent.com\/fr\/location-voiture-prestige\/best-sellers-fr\/bmw-118i-geneve-zurich\/","name":"Louer la BMW 118i en Suisse avec Elite Rent.","isPartOf":{"@id":"https:\/\/www.eliterent.com\/#website"},"primaryImageOfPage":{"@id":"https:\/\/www.eliterent.com\/fr\/location-voiture-prestige\/best-sellers-fr\/bmw-118i-geneve-zurich\/#primaryimage"},"image":{"@id":"https:\/\/www.eliterent.com\/fr\/location-voiture-prestige\/best-sellers-fr\/bmw-118i-geneve-zurich\/#primaryimage"},"thumbnailUrl":"https:\/\/www.eliterent.com\/wp-content\/uploads\/2021\/05\/WEB_BMW_118_Front_HOT.jpg","datePublished":"2021-05-21T05:37:15+00:00","dateModified":"2024-05-31T10:17:50+00:00","description":"Louer la BMW 118i en Suisse avec Elite Rent - Livraison sur mesure \u00e0 Gen\u00e8ve, Zurich, Gstaad, St. Moritz, Lucerne, Lausanne.","breadcrumb":{"@id":"https:\/\/www.eliterent.com\/fr\/location-voiture-prestige\/best-sellers-fr\/bmw-118i-geneve-zurich\/#breadcrumb"},"inLanguage":"fr-FR","potentialAction":[{"@type":"ReadAction","target":["https:\/\/www.eliterent.com\/fr\/location-voiture-prestige\/best-sellers-fr\/bmw-118i-geneve-zurich\/"]}]},{"@type":"ImageObject","inLanguage":"fr-FR","@id":"https:\/\/www.eliterent.com\/fr\/location-voiture-prestige\/best-sellers-fr\/bmw-118i-geneve-zurich\/#primaryimage","url":"https:\/\/www.eliterent.com\/wp-content\/uploads\/2021\/05\/WEB_BMW_118_Front_HOT.jpg","contentUrl":"https:\/\/www.eliterent.com\/wp-content\/uploads\/2021\/05\/WEB_BMW_118_Front_HOT.jpg","width":425,"height":250},{"@type":"BreadcrumbList","@id":"https:\/\/www.eliterent.com\/fr\/location-voiture-prestige\/best-sellers-fr\/bmw-118i-geneve-zurich\/#breadcrumb","itemListElement":[{"@type":"ListItem","position":1,"name":"Home","item":"https:\/\/www.eliterent.com\/fr\/"},{"@type":"ListItem","position":2,"name":"Location de voitures de luxe en Europe","item":"https:\/\/www.eliterent.com\/fr\/location-de-voitures-de-luxe-et-premium-en-europe\/"},{"@type":"ListItem","position":3,"name":"BMW 118i"}]},{"@type":"WebSite","@id":"https:\/\/www.eliterent.com\/#website","url":"https:\/\/www.eliterent.com\/","name":"Elite Rent","description":"Rent a Car","publisher":{"@id":"https:\/\/www.eliterent.com\/#organization"},"potentialAction":[{"@type":"SearchAction","target":{"@type":"EntryPoint","urlTemplate":"https:\/\/www.eliterent.com\/?s={search_term_string}"},"query-input":{"@type":"PropertyValueSpecification","valueRequired":true,"valueName":"search_term_string"}}],"inLanguage":"fr-FR"},{"@type":"Organization","@id":"https:\/\/www.eliterent.com\/#organization","name":"Elite Rent","url":"https:\/\/www.eliterent.com\/","logo":{"@type":"ImageObject","inLanguage":"fr-FR","@id":"https:\/\/www.eliterent.com\/#\/schema\/logo\/image\/","url":"https:\/\/www.eliterent.com\/wp-content\/uploads\/2020\/03\/Elite_Logo_NEW_2023_Final-1.png","contentUrl":"https:\/\/www.eliterent.com\/wp-content\/uploads\/2020\/03\/Elite_Logo_NEW_2023_Final-1.png","width":828,"height":313,"caption":"Elite Rent"},"image":{"@id":"https:\/\/www.eliterent.com\/#\/schema\/logo\/image\/"}}]}},"_links":{"self":[{"href":"https:\/\/www.eliterent.com\/fr\/wp-json\/wp\/v2\/product\/50037","targetHints":{"allow":["GET"]}}],"collection":[{"href":"https:\/\/www.eliterent.com\/fr\/wp-json\/wp\/v2\/product"}],"about":[{"href":"https:\/\/www.eliterent.com\/fr\/wp-json\/wp\/v2\/types\/product"}],"version-history":[{"count":0,"href":"https:\/\/www.eliterent.com\/fr\/wp-json\/wp\/v2\/product\/50037\/revisions"}],"wp:featuredmedia":[{"embeddable":true,"href":"https:\/\/www.eliterent.com\/fr\/wp-json\/wp\/v2\/media\/54109"}],"wp:attachment":[{"href":"https:\/\/www.eliterent.com\/fr\/wp-json\/wp\/v2\/media?parent=50037"}],"wp:term":[{"taxonomy":"product_brand","embeddable":true,"href":"https:\/\/www.eliterent.com\/fr\/wp-json\/wp\/v2\/product_brand?post=50037"},{"taxonomy":"product_cat","embeddable":true,"href":"https:\/\/www.eliterent.com\/fr\/wp-json\/wp\/v2\/product_cat?post=50037"},{"taxonomy":"product_tag","embeddable":true,"href":"https:\/\/www.eliterent.com\/fr\/wp-json\/wp\/v2\/product_tag?post=50037"},{"taxonomy":"agency-2","embeddable":true,"href":"https:\/\/www.eliterent.com\/fr\/wp-json\/wp\/v2\/agency-2?post=50037"},{"taxonomy":"agency-1","embeddable":true,"href":"https:\/\/www.eliterent.com\/fr\/wp-json\/wp\/v2\/agency-1?post=50037"},{"taxonomy":"model","embeddable":true,"href":"https:\/\/www.eliterent.com\/fr\/wp-json\/wp\/v2\/model?post=50037"},{"taxonomy":"brand","embeddable":true,"href":"https:\/\/www.eliterent.com\/fr\/wp-json\/wp\/v2\/brand?post=50037"},{"taxonomy":"types","embeddable":true,"href":"https:\/\/www.eliterent.com\/fr\/wp-json\/wp\/v2\/types?post=50037"},{"taxonomy":"city","embeddable":true,"href":"https:\/\/www.eliterent.com\/fr\/wp-json\/wp\/v2\/city?post=50037"},{"taxonomy":"country","embeddable":true,"href":"https:\/\/www.eliterent.com\/fr\/wp-json\/wp\/v2\/country?post=50037"},{"taxonomy":"service","embeddable":true,"href":"https:\/\/www.eliterent.com\/fr\/wp-json\/wp\/v2\/service?post=50037"}],"curies":[{"name":"wp","href":"https:\/\/api.w.org\/{rel}","templated":true}]}}