{"id":49980,"date":"2021-05-22T17:33:30","date_gmt":"2021-05-22T15:33:30","guid":{"rendered":"https:\/\/dev-elite.online\/fleet-elite-rent-a-car\/porsche-911-carrera-4s-cab-992-3\/"},"modified":"2026-01-30T13:59:06","modified_gmt":"2026-01-30T12:59:06","slug":"porsche-911-carrera-4s-cab-992-milan-malpensa","status":"publish","type":"product","link":"https:\/\/www.eliterent.com\/fr\/location-voiture-prestige\/exceptionnelle\/porsche-911-carrera-4s-cab-992-milan-malpensa\/","title":{"rendered":"Porsche 911 992 4S Cab"},"content":{"rendered":"<p>L&#8217;embl\u00e9matique 911 est sans doute le mod\u00e8le le plus c\u00e9l\u00e8bre de Porsche. Les lignes classiques de la 911 sont reconnaissables depuis les tout premiers mod\u00e8les lanc\u00e9s \u00e0 la fin des ann\u00e9es 1960 jusqu&rsquo;aux mod\u00e8les les plus r\u00e9cents, tels que notre nouvelle Porsche 992 Carrera 4S Cabriolet. La 992 est la derni\u00e8re it\u00e9ration de la gamme de mod\u00e8les Carrera. La nouvelle variante 4S d\u00e9capotable offre tous les avantages du coup\u00e9, \u00e0 savoir Un moteur turbo 3,0 litres flat-six de 443 ch, le passage de 0 \u00e0 100 km\/h en 3,7 secondes et une vitesse de pointe impressionnante d&rsquo;un peu plus de 300 km\/h ! Si les performances de la nouvelle 992 sont impressionnantes, c&rsquo;est surtout son esth\u00e9tique qui peut attirer l&rsquo;attention : Le design et les lignes ont \u00e9t\u00e9 retravaill\u00e9es pour lui offrir une apparence encore plus \u00e9l\u00e9gante. La modification ext\u00e9rieure la plus remarquable est la nouvelle signature luminuseuse qui habille l&rsquo;entieret\u00e9 de l&rsquo;arri\u00e8re du v\u00e9hicule avec une somptueuse ligne continue. Du c\u00f4t\u00e9 de l&rsquo;habitacle, des \u00e9crans \u00e0 la pointe de la technologie pour une gestion en temps r\u00e9el de toutes les caract\u00e9ristiques de la voiture viennent orner le tableau de bord. Louez une Porsche 911 Carrera 4S Cabrio (992) en Italie avec Elite Rent-a-Car et profitez de la voiture de location parfaite pour votre voyage en Europe.<\/p>\n","protected":false},"excerpt":{"rendered":"<p>[jet_post_terms tax:=\u00a0\u00bbcountry\u00a0\u00bb]<\/p>\n","protected":false},"featured_media":57873,"template":"","meta":{"_acf_changed":false,"site-sidebar-layout":"no-sidebar","site-content-layout":"plain-container","ast-site-content-layout":"normal-width-container","site-content-style":"unboxed","site-sidebar-style":"unboxed","ast-global-header-display":"","ast-banner-title-visibility":"","ast-main-header-display":"","ast-hfb-above-header-display":"","ast-hfb-below-header-display":"","ast-hfb-mobile-header-display":"","site-post-title":"","ast-breadcrumbs-content":"","ast-featured-img":"","footer-sml-layout":"","theme-transparent-header-meta":"default","adv-header-id-meta":"","stick-header-meta":"","header-above-stick-meta":"","header-main-stick-meta":"","header-below-stick-meta":"","astra-migrate-meta-layouts":"set","ast-page-background-enabled":"default","ast-page-background-meta":{"desktop":{"background-color":"","background-image":"","background-repeat":"repeat","background-position":"center center","background-size":"auto","background-attachment":"scroll","background-type":"","background-media":"","overlay-type":"","overlay-color":"","overlay-opacity":"","overlay-gradient":""},"tablet":{"background-color":"","background-image":"","background-repeat":"repeat","background-position":"center center","background-size":"auto","background-attachment":"scroll","background-type":"","background-media":"","overlay-type":"","overlay-color":"","overlay-opacity":"","overlay-gradient":""},"mobile":{"background-color":"","background-image":"","background-repeat":"repeat","background-position":"center center","background-size":"auto","background-attachment":"scroll","background-type":"","background-media":"","overlay-type":"","overlay-color":"","overlay-opacity":"","overlay-gradient":""}},"ast-content-background-meta":{"desktop":{"background-color":"var(--ast-global-color-5)","background-image":"","background-repeat":"repeat","background-position":"center center","background-size":"auto","background-attachment":"scroll","background-type":"","background-media":"","overlay-type":"","overlay-color":"","overlay-opacity":"","overlay-gradient":""},"tablet":{"background-color":"var(--ast-global-color-5)","background-image":"","background-repeat":"repeat","background-position":"center center","background-size":"auto","background-attachment":"scroll","background-type":"","background-media":"","overlay-type":"","overlay-color":"","overlay-opacity":"","overlay-gradient":""},"mobile":{"background-color":"var(--ast-global-color-5)","background-image":"","background-repeat":"repeat","background-position":"center center","background-size":"auto","background-attachment":"scroll","background-type":"","background-media":"","overlay-type":"","overlay-color":"","overlay-opacity":"","overlay-gradient":""}}},"product_brand":[],"product_cat":[1940],"product_tag":[],"agency-2":[2693],"agency-1":[2697],"model":[],"brand":[2302],"types":[],"city":[2641,2642,2643,2644,2645],"country":[2311],"service":[],"class_list":{"0":"post-49980","1":"product","2":"type-product","3":"status-publish","4":"has-post-thumbnail","6":"product_cat-exceptionnelle","7":"agency-2-rome-fr","8":"agency-1-milan-fr","9":"brand-louer-une-porsche","10":"city-amalfi-fr","11":"city-como-fr","12":"city-florence-fr","13":"city-naples-fr","14":"city-venice-fr","15":"country-italy-milan-fr","16":"desktop-align-left","17":"tablet-align-left","18":"mobile-align-left","20":"first","21":"instock","22":"shipping-taxable","23":"purchasable","24":"product-type-redq_rental"},"acf":[],"yoast_head":"<!-- This site is optimized with the Yoast SEO plugin v27.4 - https:\/\/yoast.com\/product\/yoast-seo-wordpress\/ -->\n<title>Louer la Porsche 911 992 4S Cab en Italie (Milan) avec Elite Rent.<\/title>\n<meta name=\"description\" content=\"Louer la Porsche 911 992 4S Cab en Italie (Milan) avec Elite Rent - Livraison sur mesure \u00e0 Milan, Malpensa, Linate, Como, Venize.\" \/>\n<meta name=\"robots\" content=\"index, follow, max-snippet:-1, max-image-preview:large, max-video-preview:-1\" \/>\n<link rel=\"canonical\" href=\"https:\/\/www.eliterent.com\/fr\/location-voiture-prestige\/exceptionnelle\/porsche-911-carrera-4s-cab-992-milan-malpensa\/\" \/>\n<meta property=\"og:locale\" content=\"fr_FR\" \/>\n<meta property=\"og:type\" content=\"article\" \/>\n<meta property=\"og:title\" content=\"Louer la Porsche 911 992 4S Cab en Italie (Milan) avec Elite Rent.\" \/>\n<meta property=\"og:description\" content=\"Louer la Porsche 911 992 4S Cab en Italie (Milan) avec Elite Rent - Livraison sur mesure \u00e0 Milan, Malpensa, Linate, Como, Venize.\" \/>\n<meta property=\"og:url\" content=\"https:\/\/www.eliterent.com\/fr\/location-voiture-prestige\/exceptionnelle\/porsche-911-carrera-4s-cab-992-milan-malpensa\/\" \/>\n<meta property=\"og:site_name\" content=\"Elite Rent\" \/>\n<meta property=\"article:modified_time\" content=\"2026-01-30T12:59:06+00:00\" \/>\n<meta property=\"og:image\" content=\"https:\/\/www.eliterent.com\/wp-content\/uploads\/2021\/05\/WEB_Porsche_992_CAB_Front_HOTWhite.jpg\" \/>\n\t<meta property=\"og:image:width\" content=\"425\" \/>\n\t<meta property=\"og:image:height\" content=\"250\" \/>\n\t<meta property=\"og:image:type\" content=\"image\/jpeg\" \/>\n<meta name=\"twitter:card\" content=\"summary_large_image\" \/>\n<script type=\"application\/ld+json\" class=\"yoast-schema-graph\">{\"@context\":\"https:\\\/\\\/schema.org\",\"@graph\":[{\"@type\":\"WebPage\",\"@id\":\"https:\\\/\\\/www.eliterent.com\\\/fr\\\/location-voiture-prestige\\\/exceptionnelle\\\/porsche-911-carrera-4s-cab-992-milan-malpensa\\\/\",\"url\":\"https:\\\/\\\/www.eliterent.com\\\/fr\\\/location-voiture-prestige\\\/exceptionnelle\\\/porsche-911-carrera-4s-cab-992-milan-malpensa\\\/\",\"name\":\"Louer la Porsche 911 992 4S Cab en Italie (Milan) avec Elite Rent.\",\"isPartOf\":{\"@id\":\"https:\\\/\\\/www.eliterent.com\\\/#website\"},\"primaryImageOfPage\":{\"@id\":\"https:\\\/\\\/www.eliterent.com\\\/fr\\\/location-voiture-prestige\\\/exceptionnelle\\\/porsche-911-carrera-4s-cab-992-milan-malpensa\\\/#primaryimage\"},\"image\":{\"@id\":\"https:\\\/\\\/www.eliterent.com\\\/fr\\\/location-voiture-prestige\\\/exceptionnelle\\\/porsche-911-carrera-4s-cab-992-milan-malpensa\\\/#primaryimage\"},\"thumbnailUrl\":\"https:\\\/\\\/www.eliterent.com\\\/wp-content\\\/uploads\\\/2021\\\/05\\\/WEB_Porsche_992_CAB_Front_HOTWhite.jpg\",\"datePublished\":\"2021-05-22T15:33:30+00:00\",\"dateModified\":\"2026-01-30T12:59:06+00:00\",\"description\":\"Louer la Porsche 911 992 4S Cab en Italie (Milan) avec Elite Rent - Livraison sur mesure \u00e0 Milan, Malpensa, Linate, Como, Venize.\",\"breadcrumb\":{\"@id\":\"https:\\\/\\\/www.eliterent.com\\\/fr\\\/location-voiture-prestige\\\/exceptionnelle\\\/porsche-911-carrera-4s-cab-992-milan-malpensa\\\/#breadcrumb\"},\"inLanguage\":\"fr-FR\",\"potentialAction\":[{\"@type\":\"ReadAction\",\"target\":[\"https:\\\/\\\/www.eliterent.com\\\/fr\\\/location-voiture-prestige\\\/exceptionnelle\\\/porsche-911-carrera-4s-cab-992-milan-malpensa\\\/\"]}]},{\"@type\":\"ImageObject\",\"inLanguage\":\"fr-FR\",\"@id\":\"https:\\\/\\\/www.eliterent.com\\\/fr\\\/location-voiture-prestige\\\/exceptionnelle\\\/porsche-911-carrera-4s-cab-992-milan-malpensa\\\/#primaryimage\",\"url\":\"https:\\\/\\\/www.eliterent.com\\\/wp-content\\\/uploads\\\/2021\\\/05\\\/WEB_Porsche_992_CAB_Front_HOTWhite.jpg\",\"contentUrl\":\"https:\\\/\\\/www.eliterent.com\\\/wp-content\\\/uploads\\\/2021\\\/05\\\/WEB_Porsche_992_CAB_Front_HOTWhite.jpg\",\"width\":425,\"height\":250},{\"@type\":\"BreadcrumbList\",\"@id\":\"https:\\\/\\\/www.eliterent.com\\\/fr\\\/location-voiture-prestige\\\/exceptionnelle\\\/porsche-911-carrera-4s-cab-992-milan-malpensa\\\/#breadcrumb\",\"itemListElement\":[{\"@type\":\"ListItem\",\"position\":1,\"name\":\"Home\",\"item\":\"https:\\\/\\\/www.eliterent.com\\\/fr\\\/\"},{\"@type\":\"ListItem\",\"position\":2,\"name\":\"Location de voitures de luxe en Europe\",\"item\":\"https:\\\/\\\/www.eliterent.com\\\/fr\\\/location-de-voitures-de-luxe-et-premium-en-europe\\\/\"},{\"@type\":\"ListItem\",\"position\":3,\"name\":\"Porsche 911 992 4S Cab\"}]},{\"@type\":\"WebSite\",\"@id\":\"https:\\\/\\\/www.eliterent.com\\\/#website\",\"url\":\"https:\\\/\\\/www.eliterent.com\\\/\",\"name\":\"Elite Rent\",\"description\":\"Rent a Car\",\"publisher\":{\"@id\":\"https:\\\/\\\/www.eliterent.com\\\/#organization\"},\"potentialAction\":[{\"@type\":\"SearchAction\",\"target\":{\"@type\":\"EntryPoint\",\"urlTemplate\":\"https:\\\/\\\/www.eliterent.com\\\/?s={search_term_string}\"},\"query-input\":{\"@type\":\"PropertyValueSpecification\",\"valueRequired\":true,\"valueName\":\"search_term_string\"}}],\"inLanguage\":\"fr-FR\"},{\"@type\":\"Organization\",\"@id\":\"https:\\\/\\\/www.eliterent.com\\\/#organization\",\"name\":\"Elite Rent\",\"url\":\"https:\\\/\\\/www.eliterent.com\\\/\",\"logo\":{\"@type\":\"ImageObject\",\"inLanguage\":\"fr-FR\",\"@id\":\"https:\\\/\\\/www.eliterent.com\\\/#\\\/schema\\\/logo\\\/image\\\/\",\"url\":\"https:\\\/\\\/www.eliterent.com\\\/wp-content\\\/uploads\\\/2020\\\/03\\\/Elite_Logo_NEW_2023_Final-1.png\",\"contentUrl\":\"https:\\\/\\\/www.eliterent.com\\\/wp-content\\\/uploads\\\/2020\\\/03\\\/Elite_Logo_NEW_2023_Final-1.png\",\"width\":828,\"height\":313,\"caption\":\"Elite Rent\"},\"image\":{\"@id\":\"https:\\\/\\\/www.eliterent.com\\\/#\\\/schema\\\/logo\\\/image\\\/\"}}]}<\/script>\n<!-- \/ Yoast SEO plugin. -->","yoast_head_json":{"title":"Louer la Porsche 911 992 4S Cab en Italie (Milan) avec Elite Rent.","description":"Louer la Porsche 911 992 4S Cab en Italie (Milan) avec Elite Rent - Livraison sur mesure \u00e0 Milan, Malpensa, Linate, Como, Venize.","robots":{"index":"index","follow":"follow","max-snippet":"max-snippet:-1","max-image-preview":"max-image-preview:large","max-video-preview":"max-video-preview:-1"},"canonical":"https:\/\/www.eliterent.com\/fr\/location-voiture-prestige\/exceptionnelle\/porsche-911-carrera-4s-cab-992-milan-malpensa\/","og_locale":"fr_FR","og_type":"article","og_title":"Louer la Porsche 911 992 4S Cab en Italie (Milan) avec Elite Rent.","og_description":"Louer la Porsche 911 992 4S Cab en Italie (Milan) avec Elite Rent - Livraison sur mesure \u00e0 Milan, Malpensa, Linate, Como, Venize.","og_url":"https:\/\/www.eliterent.com\/fr\/location-voiture-prestige\/exceptionnelle\/porsche-911-carrera-4s-cab-992-milan-malpensa\/","og_site_name":"Elite Rent","article_modified_time":"2026-01-30T12:59:06+00:00","og_image":[{"width":425,"height":250,"url":"https:\/\/www.eliterent.com\/wp-content\/uploads\/2021\/05\/WEB_Porsche_992_CAB_Front_HOTWhite.jpg","type":"image\/jpeg"}],"twitter_card":"summary_large_image","schema":{"@context":"https:\/\/schema.org","@graph":[{"@type":"WebPage","@id":"https:\/\/www.eliterent.com\/fr\/location-voiture-prestige\/exceptionnelle\/porsche-911-carrera-4s-cab-992-milan-malpensa\/","url":"https:\/\/www.eliterent.com\/fr\/location-voiture-prestige\/exceptionnelle\/porsche-911-carrera-4s-cab-992-milan-malpensa\/","name":"Louer la Porsche 911 992 4S Cab en Italie (Milan) avec Elite Rent.","isPartOf":{"@id":"https:\/\/www.eliterent.com\/#website"},"primaryImageOfPage":{"@id":"https:\/\/www.eliterent.com\/fr\/location-voiture-prestige\/exceptionnelle\/porsche-911-carrera-4s-cab-992-milan-malpensa\/#primaryimage"},"image":{"@id":"https:\/\/www.eliterent.com\/fr\/location-voiture-prestige\/exceptionnelle\/porsche-911-carrera-4s-cab-992-milan-malpensa\/#primaryimage"},"thumbnailUrl":"https:\/\/www.eliterent.com\/wp-content\/uploads\/2021\/05\/WEB_Porsche_992_CAB_Front_HOTWhite.jpg","datePublished":"2021-05-22T15:33:30+00:00","dateModified":"2026-01-30T12:59:06+00:00","description":"Louer la Porsche 911 992 4S Cab en Italie (Milan) avec Elite Rent - Livraison sur mesure \u00e0 Milan, Malpensa, Linate, Como, Venize.","breadcrumb":{"@id":"https:\/\/www.eliterent.com\/fr\/location-voiture-prestige\/exceptionnelle\/porsche-911-carrera-4s-cab-992-milan-malpensa\/#breadcrumb"},"inLanguage":"fr-FR","potentialAction":[{"@type":"ReadAction","target":["https:\/\/www.eliterent.com\/fr\/location-voiture-prestige\/exceptionnelle\/porsche-911-carrera-4s-cab-992-milan-malpensa\/"]}]},{"@type":"ImageObject","inLanguage":"fr-FR","@id":"https:\/\/www.eliterent.com\/fr\/location-voiture-prestige\/exceptionnelle\/porsche-911-carrera-4s-cab-992-milan-malpensa\/#primaryimage","url":"https:\/\/www.eliterent.com\/wp-content\/uploads\/2021\/05\/WEB_Porsche_992_CAB_Front_HOTWhite.jpg","contentUrl":"https:\/\/www.eliterent.com\/wp-content\/uploads\/2021\/05\/WEB_Porsche_992_CAB_Front_HOTWhite.jpg","width":425,"height":250},{"@type":"BreadcrumbList","@id":"https:\/\/www.eliterent.com\/fr\/location-voiture-prestige\/exceptionnelle\/porsche-911-carrera-4s-cab-992-milan-malpensa\/#breadcrumb","itemListElement":[{"@type":"ListItem","position":1,"name":"Home","item":"https:\/\/www.eliterent.com\/fr\/"},{"@type":"ListItem","position":2,"name":"Location de voitures de luxe en Europe","item":"https:\/\/www.eliterent.com\/fr\/location-de-voitures-de-luxe-et-premium-en-europe\/"},{"@type":"ListItem","position":3,"name":"Porsche 911 992 4S Cab"}]},{"@type":"WebSite","@id":"https:\/\/www.eliterent.com\/#website","url":"https:\/\/www.eliterent.com\/","name":"Elite Rent","description":"Rent a Car","publisher":{"@id":"https:\/\/www.eliterent.com\/#organization"},"potentialAction":[{"@type":"SearchAction","target":{"@type":"EntryPoint","urlTemplate":"https:\/\/www.eliterent.com\/?s={search_term_string}"},"query-input":{"@type":"PropertyValueSpecification","valueRequired":true,"valueName":"search_term_string"}}],"inLanguage":"fr-FR"},{"@type":"Organization","@id":"https:\/\/www.eliterent.com\/#organization","name":"Elite Rent","url":"https:\/\/www.eliterent.com\/","logo":{"@type":"ImageObject","inLanguage":"fr-FR","@id":"https:\/\/www.eliterent.com\/#\/schema\/logo\/image\/","url":"https:\/\/www.eliterent.com\/wp-content\/uploads\/2020\/03\/Elite_Logo_NEW_2023_Final-1.png","contentUrl":"https:\/\/www.eliterent.com\/wp-content\/uploads\/2020\/03\/Elite_Logo_NEW_2023_Final-1.png","width":828,"height":313,"caption":"Elite Rent"},"image":{"@id":"https:\/\/www.eliterent.com\/#\/schema\/logo\/image\/"}}]}},"_links":{"self":[{"href":"https:\/\/www.eliterent.com\/fr\/wp-json\/wp\/v2\/product\/49980","targetHints":{"allow":["GET"]}}],"collection":[{"href":"https:\/\/www.eliterent.com\/fr\/wp-json\/wp\/v2\/product"}],"about":[{"href":"https:\/\/www.eliterent.com\/fr\/wp-json\/wp\/v2\/types\/product"}],"version-history":[{"count":0,"href":"https:\/\/www.eliterent.com\/fr\/wp-json\/wp\/v2\/product\/49980\/revisions"}],"wp:featuredmedia":[{"embeddable":true,"href":"https:\/\/www.eliterent.com\/fr\/wp-json\/wp\/v2\/media\/57873"}],"wp:attachment":[{"href":"https:\/\/www.eliterent.com\/fr\/wp-json\/wp\/v2\/media?parent=49980"}],"wp:term":[{"taxonomy":"product_brand","embeddable":true,"href":"https:\/\/www.eliterent.com\/fr\/wp-json\/wp\/v2\/product_brand?post=49980"},{"taxonomy":"product_cat","embeddable":true,"href":"https:\/\/www.eliterent.com\/fr\/wp-json\/wp\/v2\/product_cat?post=49980"},{"taxonomy":"product_tag","embeddable":true,"href":"https:\/\/www.eliterent.com\/fr\/wp-json\/wp\/v2\/product_tag?post=49980"},{"taxonomy":"agency-2","embeddable":true,"href":"https:\/\/www.eliterent.com\/fr\/wp-json\/wp\/v2\/agency-2?post=49980"},{"taxonomy":"agency-1","embeddable":true,"href":"https:\/\/www.eliterent.com\/fr\/wp-json\/wp\/v2\/agency-1?post=49980"},{"taxonomy":"model","embeddable":true,"href":"https:\/\/www.eliterent.com\/fr\/wp-json\/wp\/v2\/model?post=49980"},{"taxonomy":"brand","embeddable":true,"href":"https:\/\/www.eliterent.com\/fr\/wp-json\/wp\/v2\/brand?post=49980"},{"taxonomy":"types","embeddable":true,"href":"https:\/\/www.eliterent.com\/fr\/wp-json\/wp\/v2\/types?post=49980"},{"taxonomy":"city","embeddable":true,"href":"https:\/\/www.eliterent.com\/fr\/wp-json\/wp\/v2\/city?post=49980"},{"taxonomy":"country","embeddable":true,"href":"https:\/\/www.eliterent.com\/fr\/wp-json\/wp\/v2\/country?post=49980"},{"taxonomy":"service","embeddable":true,"href":"https:\/\/www.eliterent.com\/fr\/wp-json\/wp\/v2\/service?post=49980"}],"curies":[{"name":"wp","href":"https:\/\/api.w.org\/{rel}","templated":true}]}}