{"id":78413,"date":"2025-09-25T15:33:37","date_gmt":"2025-09-25T13:33:37","guid":{"rendered":"https:\/\/www.eliterent.com\/?page_id=78413"},"modified":"2025-09-25T16:28:30","modified_gmt":"2025-09-25T14:28:30","slug":"unlimited-kilometers-in-switzerland","status":"publish","type":"page","link":"https:\/\/www.eliterent.com\/fr\/unlimited-kilometers-in-switzerland\/","title":{"rendered":"Kilom\u00e9trage illimit\u00e9 en Suisse"},"content":{"rendered":"\t\t<div data-elementor-type=\"wp-page\" data-elementor-id=\"78413\" class=\"elementor elementor-78413 elementor-78411\" data-elementor-settings=\"{&quot;element_pack_global_tooltip_width&quot;:{&quot;unit&quot;:&quot;px&quot;,&quot;size&quot;:&quot;&quot;,&quot;sizes&quot;:[]},&quot;element_pack_global_tooltip_width_tablet&quot;:{&quot;unit&quot;:&quot;px&quot;,&quot;size&quot;:&quot;&quot;,&quot;sizes&quot;:[]},&quot;element_pack_global_tooltip_width_mobile&quot;:{&quot;unit&quot;:&quot;px&quot;,&quot;size&quot;:&quot;&quot;,&quot;sizes&quot;:[]},&quot;element_pack_global_tooltip_padding&quot;:{&quot;unit&quot;:&quot;px&quot;,&quot;top&quot;:&quot;&quot;,&quot;right&quot;:&quot;&quot;,&quot;bottom&quot;:&quot;&quot;,&quot;left&quot;:&quot;&quot;,&quot;isLinked&quot;:true},&quot;element_pack_global_tooltip_padding_tablet&quot;:{&quot;unit&quot;:&quot;px&quot;,&quot;top&quot;:&quot;&quot;,&quot;right&quot;:&quot;&quot;,&quot;bottom&quot;:&quot;&quot;,&quot;left&quot;:&quot;&quot;,&quot;isLinked&quot;:true},&quot;element_pack_global_tooltip_padding_mobile&quot;:{&quot;unit&quot;:&quot;px&quot;,&quot;top&quot;:&quot;&quot;,&quot;right&quot;:&quot;&quot;,&quot;bottom&quot;:&quot;&quot;,&quot;left&quot;:&quot;&quot;,&quot;isLinked&quot;:true},&quot;element_pack_global_tooltip_border_radius&quot;:{&quot;unit&quot;:&quot;px&quot;,&quot;top&quot;:&quot;&quot;,&quot;right&quot;:&quot;&quot;,&quot;bottom&quot;:&quot;&quot;,&quot;left&quot;:&quot;&quot;,&quot;isLinked&quot;:true},&quot;element_pack_global_tooltip_border_radius_tablet&quot;:{&quot;unit&quot;:&quot;px&quot;,&quot;top&quot;:&quot;&quot;,&quot;right&quot;:&quot;&quot;,&quot;bottom&quot;:&quot;&quot;,&quot;left&quot;:&quot;&quot;,&quot;isLinked&quot;:true},&quot;element_pack_global_tooltip_border_radius_mobile&quot;:{&quot;unit&quot;:&quot;px&quot;,&quot;top&quot;:&quot;&quot;,&quot;right&quot;:&quot;&quot;,&quot;bottom&quot;:&quot;&quot;,&quot;left&quot;:&quot;&quot;,&quot;isLinked&quot;:true}}\" data-elementor-post-type=\"page\">\n\t\t\t\t\t\t<section class=\"elementor-section elementor-top-section elementor-element elementor-element-d65ba3e elementor-section-full_width elementor-section-height-default elementor-section-height-default\" data-id=\"d65ba3e\" data-element_type=\"section\" data-e-type=\"section\" data-settings=\"{&quot;jet_parallax_layout_list&quot;:[]}\">\n\t\t\t\t\t\t<div class=\"elementor-container elementor-column-gap-no\">\n\t\t\t\t\t<div class=\"elementor-column elementor-col-100 elementor-top-column elementor-element elementor-element-855117c\" data-id=\"855117c\" data-element_type=\"column\" data-e-type=\"column\">\n\t\t\t<div class=\"elementor-widget-wrap elementor-element-populated\">\n\t\t\t\t\t\t<div class=\"elementor-element elementor-element-87ba4a5 elementor--h-position-center elementor--v-position-middle elementor-arrows-position-inside elementor-pagination-position-inside elementor-widget elementor-widget-slides\" data-id=\"87ba4a5\" data-element_type=\"widget\" data-e-type=\"widget\" data-settings=\"{&quot;navigation&quot;:&quot;both&quot;,&quot;autoplay&quot;:&quot;yes&quot;,&quot;pause_on_hover&quot;:&quot;yes&quot;,&quot;pause_on_interaction&quot;:&quot;yes&quot;,&quot;autoplay_speed&quot;:5000,&quot;infinite&quot;:&quot;yes&quot;,&quot;transition&quot;:&quot;slide&quot;,&quot;transition_speed&quot;:500}\" data-widget_type=\"slides.default\">\n\t\t\t\t<div class=\"elementor-widget-container\">\n\t\t\t\t\t\t\t\t\t<div class=\"elementor-swiper\">\n\t\t\t\t\t<div class=\"elementor-slides-wrapper elementor-main-swiper swiper\" role=\"region\" aria-roledescription=\"carousel\" aria-label=\"Slides\" dir=\"ltr\" data-animation=\"fadeInUp\">\n\t\t\t\t<div class=\"swiper-wrapper elementor-slides\">\n\t\t\t\t\t\t\t\t\t\t<div class=\"elementor-repeater-item-c6846ba swiper-slide\" role=\"group\" aria-roledescription=\"slide\"><div class=\"swiper-slide-bg\" role=\"img\" aria-label=\"X7_Grey_Matte_Front\"><\/div><div class=\"elementor-background-overlay\"><\/div><div class=\"swiper-slide-inner\" ><div class=\"swiper-slide-contents\"><div class=\"elementor-slide-heading\"><span style=\"color: #C2A65C;\">Kilom\u00e9trage illimit\u00e9<\/div><div class=\"elementor-slide-description\"><p>en Suisse !<\/p>\n<\/div><\/div><\/div><\/div>\t\t\t\t<\/div>\n\t\t\t\t\t\t\t<\/div>\n\t\t\t\t<\/div>\n\t\t\t\t\t\t\t\t<\/div>\n\t\t\t\t<\/div>\n\t\t\t\t\t<\/div>\n\t\t<\/div>\n\t\t\t\t\t<\/div>\n\t\t<\/section>\n\t\t\t\t<section class=\"elementor-section elementor-top-section elementor-element elementor-element-6585867 elementor-section-full_width elementor-section-height-default elementor-section-height-default\" data-id=\"6585867\" data-element_type=\"section\" data-e-type=\"section\" data-settings=\"{&quot;jet_parallax_layout_list&quot;:[]}\">\n\t\t\t\t\t\t<div class=\"elementor-container elementor-column-gap-no\">\n\t\t\t\t\t<div class=\"elementor-column elementor-col-100 elementor-top-column elementor-element elementor-element-dff3cba\" data-id=\"dff3cba\" data-element_type=\"column\" data-e-type=\"column\">\n\t\t\t<div class=\"elementor-widget-wrap elementor-element-populated\">\n\t\t\t\t\t\t<div class=\"elementor-element elementor-element-b7c0f8c elementor-widget elementor-widget-text-editor\" data-id=\"b7c0f8c\" data-element_type=\"widget\" data-e-type=\"widget\" data-widget_type=\"text-editor.default\">\n\t\t\t\t<div class=\"elementor-widget-container\">\n\t\t\t\t\t\t\t\t\t<p>KILOM\u00c8TRAGE ILLIMIT\u00c9<\/p>\t\t\t\t\t\t\t\t<\/div>\n\t\t\t\t<\/div>\n\t\t\t\t<div class=\"elementor-element elementor-element-6e136fb elementor-align-center elementor-widget elementor-widget-button\" data-id=\"6e136fb\" data-element_type=\"widget\" data-e-type=\"widget\" data-widget_type=\"button.default\">\n\t\t\t\t<div class=\"elementor-widget-container\">\n\t\t\t\t\t\t\t\t\t<div class=\"elementor-button-wrapper\">\n\t\t\t\t\t<a class=\"elementor-button elementor-button-link elementor-size-sm\" href=\"https:\/\/www.eliterent.com\/fr\/location-de-voitures-de-luxe-et-premium-en-europe\/\">\n\t\t\t\t\t\t<span class=\"elementor-button-content-wrapper\">\n\t\t\t\t\t\t\t\t\t<span class=\"elementor-button-text\">VOIR LES V\u00c9HICULES<\/span>\n\t\t\t\t\t<\/span>\n\t\t\t\t\t<\/a>\n\t\t\t\t<\/div>\n\t\t\t\t\t\t\t\t<\/div>\n\t\t\t\t<\/div>\n\t\t\t\t<div class=\"elementor-element elementor-element-0bf9459 elementor-widget elementor-widget-text-editor\" data-id=\"0bf9459\" data-element_type=\"widget\" data-e-type=\"widget\" data-widget_type=\"text-editor.default\">\n\t\t\t\t<div class=\"elementor-widget-container\">\n\t\t\t\t\t\t\t\t\t<h3><br><\/h3><h3>Profitez d&rsquo;un kilom\u00e9trage illimit\u00e9 lorsque vous louez l&rsquo;un de nos SUVs, Citadines ou Vans en Suisse.<\/h3>\n<p>Louer un v\u00e9hicule en Suisse en octobre et novembre offre aux voyageurs une occasion incroyable d&rsquo;explorer la beaut\u00e9 des paysages du pays avec l&rsquo;avantage suppl\u00e9mentaire d&rsquo;un kilom\u00e9trage illimit\u00e9. Que vous optiez pour un SUV, une voiture compacte ou une fourgonnette, la flexibilit\u00e9 du kilom\u00e9trage illimit\u00e9 vous permet de vous aventurer \u00e0 travers les divers paysages suisses sans vous soucier des co\u00fbts suppl\u00e9mentaires li\u00e9s aux longs trajets. Choisissez parmi une vari\u00e9t\u00e9 de marques de luxe telles que Mercedes-Benz, BMW, Range Rover, Mini et bien d&rsquo;autres.<\/p>\n<p>La location d&rsquo;un SUV est id\u00e9ale pour affronter le terrain alpin accident\u00e9 du pays ou pour profiter des paysages automnaux dans le confort et l&rsquo;\u00e9l\u00e9gance. Avec le kilom\u00e9trage illimit\u00e9, vous pouvez explorer sans contrainte tout ce que le pays a \u00e0 offrir, du majestueux Cervin aux pittoresques lacs suisses.<\/p>\n<p>Pour ceux qui recherchent une option plus \u00e9conomique, la location d&rsquo;une voiture compacte est id\u00e9ale pour se d\u00e9placer dans les villes suisses et leurs environs. Vous pourrez visiter des villes comme Zurich, Lucerne et Gen\u00e8ve, mais aussi vous aventurer dans des villes plus petites ou des joyaux cach\u00e9s, tout en profitant du kilom\u00e9trage illimit\u00e9.<\/p>\n<p>Si vous voyagez en famille ou en groupe, la location d&rsquo;un minibus vous offre suffisamment d&rsquo;espace pour voyager confortablement lors de longs trajets. Que vous vous rendiez dans les Alpes suisses ou que vous visitiez les vignobles du canton de Vaud, le kilom\u00e9trage illimit\u00e9 vous permet de profiter pleinement du voyage sans vous soucier de la distance.<\/p>\t\t\t\t\t\t\t\t<\/div>\n\t\t\t\t<\/div>\n\t\t\t\t<div class=\"elementor-element elementor-element-611091c elementor-widget elementor-widget-heading\" data-id=\"611091c\" data-element_type=\"widget\" data-e-type=\"widget\" data-widget_type=\"heading.default\">\n\t\t\t\t<div class=\"elementor-widget-container\">\n\t\t\t\t\t<h2 class=\"elementor-heading-title elementor-size-default\">APPELEZ-NOUS !<br>+41 22 909 87 87 <\/h2>\t\t\t\t<\/div>\n\t\t\t\t<\/div>\n\t\t\t\t\t<\/div>\n\t\t<\/div>\n\t\t\t\t\t<\/div>\n\t\t<\/section>\n\t\t\t\t<section class=\"elementor-section elementor-top-section elementor-element elementor-element-2cb663b elementor-section-boxed elementor-section-height-default elementor-section-height-default\" data-id=\"2cb663b\" data-element_type=\"section\" data-e-type=\"section\" data-settings=\"{&quot;jet_parallax_layout_list&quot;:[]}\">\n\t\t\t\t\t\t<div class=\"elementor-container elementor-column-gap-no\">\n\t\t\t\t\t<div class=\"elementor-column elementor-col-100 elementor-top-column elementor-element elementor-element-3ff54f6\" data-id=\"3ff54f6\" data-element_type=\"column\" data-e-type=\"column\">\n\t\t\t<div class=\"elementor-widget-wrap elementor-element-populated\">\n\t\t\t\t\t\t<div class=\"elementor-element elementor-element-200b4f6 elementor-widget elementor-widget-text-editor\" data-id=\"200b4f6\" data-element_type=\"widget\" data-e-type=\"widget\" data-widget_type=\"text-editor.default\">\n\t\t\t\t<div class=\"elementor-widget-container\">\n\t\t\t\t\t\t\t\t\t<h3 style=\"text-align: center;\" align=\"center\">CONDITIONS G\u00c9N\u00c9RALES DE L&rsquo;OFFRE<\/h3>\n<p><\/p>\n<p style=\"text-align: center;\" align=\"center\">Offre valable pour les r\u00e9servations et les locations jusqu&rsquo;au 30.11.2025 &#8211; Offre valable sur les v\u00e9hicules disponibles des cat\u00e9gories SUV, City et Van en Suisse. &#8211; Le paiement int\u00e9gral \u00e0 l&rsquo;avance est requis. L&rsquo;offre n&rsquo;est pas remboursable &#8211; L&rsquo;offre s&rsquo;applique aux tarifs Elite Rack et n&rsquo;est pas cumulable avec d&rsquo;autres avantages, conditions sp\u00e9ciales et offres &#8211; L&rsquo;offre et les v\u00e9hicules sont soumis \u00e0 disponibilit\u00e9 &#8211; Livraison et r\u00e9cup\u00e9ration gratuites du v\u00e9hicule uniquement dans les agences Swiss Elite Rent-a-Car &#8211; Livraison et r\u00e9cup\u00e9ration dans le centre-ville de Zurich ou Gen\u00e8ve CHF 80.- (aller simple) &#8211; Livraison et r\u00e9cup\u00e9ration personnalis\u00e9es \u00e0 deviser s\u00e9par\u00e9ment. &#8211; Les conditions g\u00e9n\u00e9rales d&rsquo;Elite Rent-a-Car s&rsquo;appliquent.<\/p>\n\t\t\t\t\t\t\t\t<\/div>\n\t\t\t\t<\/div>\n\t\t\t\t\t<\/div>\n\t\t<\/div>\n\t\t\t\t\t<\/div>\n\t\t<\/section>\n\t\t\t\t<\/div>\n\t\t","protected":false},"excerpt":{"rendered":"<p>Kilom\u00e9trage illimit\u00e9 en Suisse ! KILOM\u00c8TRAGE ILLIMIT\u00c9 VOIR LES V\u00c9HICULES Profitez d&rsquo;un kilom\u00e9trage illimit\u00e9 lorsque vous louez l&rsquo;un de nos SUVs, Citadines ou Vans en Suisse. Louer un v\u00e9hicule en Suisse en octobre et novembre offre aux voyageurs une occasion incroyable d&rsquo;explorer la beaut\u00e9 des paysages du pays avec l&rsquo;avantage suppl\u00e9mentaire d&rsquo;un kilom\u00e9trage illimit\u00e9. Que [&hellip;]<\/p>\n","protected":false},"author":6,"featured_media":75867,"parent":0,"menu_order":0,"comment_status":"closed","ping_status":"closed","template":"","meta":{"_acf_changed":false,"site-sidebar-layout":"no-sidebar","site-content-layout":"page-builder","ast-site-content-layout":"full-width-container","site-content-style":"unboxed","site-sidebar-style":"unboxed","ast-global-header-display":"","ast-banner-title-visibility":"","ast-main-header-display":"","ast-hfb-above-header-display":"","ast-hfb-below-header-display":"","ast-hfb-mobile-header-display":"","site-post-title":"disabled","ast-breadcrumbs-content":"","ast-featured-img":"disabled","footer-sml-layout":"","theme-transparent-header-meta":"default","adv-header-id-meta":"","stick-header-meta":"","header-above-stick-meta":"","header-main-stick-meta":"","header-below-stick-meta":"","astra-migrate-meta-layouts":"set","ast-page-background-enabled":"default","ast-page-background-meta":{"desktop":{"background-color":"","background-image":"","background-repeat":"repeat","background-position":"center center","background-size":"auto","background-attachment":"scroll","background-type":"","background-media":"","overlay-type":"","overlay-color":"","overlay-opacity":"","overlay-gradient":""},"tablet":{"background-color":"","background-image":"","background-repeat":"repeat","background-position":"center center","background-size":"auto","background-attachment":"scroll","background-type":"","background-media":"","overlay-type":"","overlay-color":"","overlay-opacity":"","overlay-gradient":""},"mobile":{"background-color":"","background-image":"","background-repeat":"repeat","background-position":"center center","background-size":"auto","background-attachment":"scroll","background-type":"","background-media":"","overlay-type":"","overlay-color":"","overlay-opacity":"","overlay-gradient":""}},"ast-content-background-meta":{"desktop":{"background-color":"var(--ast-global-color-5)","background-image":"","background-repeat":"repeat","background-position":"center center","background-size":"auto","background-attachment":"scroll","background-type":"","background-media":"","overlay-type":"","overlay-color":"","overlay-opacity":"","overlay-gradient":""},"tablet":{"background-color":"var(--ast-global-color-5)","background-image":"","background-repeat":"repeat","background-position":"center center","background-size":"auto","background-attachment":"scroll","background-type":"","background-media":"","overlay-type":"","overlay-color":"","overlay-opacity":"","overlay-gradient":""},"mobile":{"background-color":"var(--ast-global-color-5)","background-image":"","background-repeat":"repeat","background-position":"center center","background-size":"auto","background-attachment":"scroll","background-type":"","background-media":"","overlay-type":"","overlay-color":"","overlay-opacity":"","overlay-gradient":""}},"footnotes":""},"class_list":["post-78413","page","type-page","status-publish","has-post-thumbnail","hentry"],"acf":[],"yoast_head":"<!-- This site is optimized with the Yoast SEO plugin v27.4 - https:\/\/yoast.com\/product\/yoast-seo-wordpress\/ -->\n<title>Kilom\u00e9trage illimit\u00e9 en Suisse avec Elite Rent<\/title>\n<meta name=\"description\" content=\"Kilom\u00e9trage illimit\u00e9 en Suisse avec Elite Rent - Kilom\u00e9trage illimit\u00e9 pour les locations de SUVs, citadines et Vans en Suisse jusqu&#039;\u00e0 fin novembre.\" \/>\n<meta name=\"robots\" content=\"index, follow, max-snippet:-1, max-image-preview:large, max-video-preview:-1\" \/>\n<link rel=\"canonical\" href=\"https:\/\/www.eliterent.com\/fr\/unlimited-kilometers-in-switzerland\/\" \/>\n<meta property=\"og:locale\" content=\"fr_FR\" \/>\n<meta property=\"og:type\" content=\"article\" \/>\n<meta property=\"og:title\" content=\"Kilom\u00e9trage illimit\u00e9 en Suisse avec Elite Rent\" \/>\n<meta property=\"og:description\" content=\"Kilom\u00e9trage illimit\u00e9 en Suisse avec Elite Rent - Kilom\u00e9trage illimit\u00e9 pour les locations de SUVs, citadines et Vans en Suisse jusqu&#039;\u00e0 fin novembre.\" \/>\n<meta property=\"og:url\" content=\"https:\/\/www.eliterent.com\/fr\/unlimited-kilometers-in-switzerland\/\" \/>\n<meta property=\"og:site_name\" content=\"Elite Rent\" \/>\n<meta property=\"article:modified_time\" content=\"2025-09-25T14:28:30+00:00\" \/>\n<meta property=\"og:image\" content=\"https:\/\/www.eliterent.com\/wp-content\/uploads\/2025\/02\/X7_Grey_Matte_Front-scaled-e1741272907580.jpg\" \/>\n\t<meta property=\"og:image:width\" content=\"2560\" \/>\n\t<meta property=\"og:image:height\" content=\"1920\" \/>\n\t<meta property=\"og:image:type\" content=\"image\/jpeg\" \/>\n<meta name=\"twitter:card\" content=\"summary_large_image\" \/>\n<script type=\"application\/ld+json\" class=\"yoast-schema-graph\">{\"@context\":\"https:\\\/\\\/schema.org\",\"@graph\":[{\"@type\":\"WebPage\",\"@id\":\"https:\\\/\\\/www.eliterent.com\\\/fr\\\/unlimited-kilometers-in-switzerland\\\/\",\"url\":\"https:\\\/\\\/www.eliterent.com\\\/fr\\\/unlimited-kilometers-in-switzerland\\\/\",\"name\":\"Kilom\u00e9trage illimit\u00e9 en Suisse avec Elite Rent\",\"isPartOf\":{\"@id\":\"https:\\\/\\\/www.eliterent.com\\\/#website\"},\"primaryImageOfPage\":{\"@id\":\"https:\\\/\\\/www.eliterent.com\\\/fr\\\/unlimited-kilometers-in-switzerland\\\/#primaryimage\"},\"image\":{\"@id\":\"https:\\\/\\\/www.eliterent.com\\\/fr\\\/unlimited-kilometers-in-switzerland\\\/#primaryimage\"},\"thumbnailUrl\":\"https:\\\/\\\/www.eliterent.com\\\/wp-content\\\/uploads\\\/2025\\\/02\\\/X7_Grey_Matte_Front-scaled-e1741272907580.jpg\",\"datePublished\":\"2025-09-25T13:33:37+00:00\",\"dateModified\":\"2025-09-25T14:28:30+00:00\",\"description\":\"Kilom\u00e9trage illimit\u00e9 en Suisse avec Elite Rent - Kilom\u00e9trage illimit\u00e9 pour les locations de SUVs, citadines et Vans en Suisse jusqu'\u00e0 fin novembre.\",\"breadcrumb\":{\"@id\":\"https:\\\/\\\/www.eliterent.com\\\/fr\\\/unlimited-kilometers-in-switzerland\\\/#breadcrumb\"},\"inLanguage\":\"fr-FR\",\"potentialAction\":[{\"@type\":\"ReadAction\",\"target\":[\"https:\\\/\\\/www.eliterent.com\\\/fr\\\/unlimited-kilometers-in-switzerland\\\/\"]}]},{\"@type\":\"ImageObject\",\"inLanguage\":\"fr-FR\",\"@id\":\"https:\\\/\\\/www.eliterent.com\\\/fr\\\/unlimited-kilometers-in-switzerland\\\/#primaryimage\",\"url\":\"https:\\\/\\\/www.eliterent.com\\\/wp-content\\\/uploads\\\/2025\\\/02\\\/X7_Grey_Matte_Front-scaled-e1741272907580.jpg\",\"contentUrl\":\"https:\\\/\\\/www.eliterent.com\\\/wp-content\\\/uploads\\\/2025\\\/02\\\/X7_Grey_Matte_Front-scaled-e1741272907580.jpg\",\"width\":2560,\"height\":1920},{\"@type\":\"BreadcrumbList\",\"@id\":\"https:\\\/\\\/www.eliterent.com\\\/fr\\\/unlimited-kilometers-in-switzerland\\\/#breadcrumb\",\"itemListElement\":[{\"@type\":\"ListItem\",\"position\":1,\"name\":\"Home\",\"item\":\"https:\\\/\\\/www.eliterent.com\\\/fr\\\/\"},{\"@type\":\"ListItem\",\"position\":2,\"name\":\"Kilom\u00e9trage illimit\u00e9 en Suisse\"}]},{\"@type\":\"WebSite\",\"@id\":\"https:\\\/\\\/www.eliterent.com\\\/#website\",\"url\":\"https:\\\/\\\/www.eliterent.com\\\/\",\"name\":\"Elite Rent\",\"description\":\"Rent a Car\",\"publisher\":{\"@id\":\"https:\\\/\\\/www.eliterent.com\\\/#organization\"},\"potentialAction\":[{\"@type\":\"SearchAction\",\"target\":{\"@type\":\"EntryPoint\",\"urlTemplate\":\"https:\\\/\\\/www.eliterent.com\\\/?s={search_term_string}\"},\"query-input\":{\"@type\":\"PropertyValueSpecification\",\"valueRequired\":true,\"valueName\":\"search_term_string\"}}],\"inLanguage\":\"fr-FR\"},{\"@type\":\"Organization\",\"@id\":\"https:\\\/\\\/www.eliterent.com\\\/#organization\",\"name\":\"Elite Rent\",\"url\":\"https:\\\/\\\/www.eliterent.com\\\/\",\"logo\":{\"@type\":\"ImageObject\",\"inLanguage\":\"fr-FR\",\"@id\":\"https:\\\/\\\/www.eliterent.com\\\/#\\\/schema\\\/logo\\\/image\\\/\",\"url\":\"https:\\\/\\\/www.eliterent.com\\\/wp-content\\\/uploads\\\/2020\\\/03\\\/Elite_Logo_NEW_2023_Final-1.png\",\"contentUrl\":\"https:\\\/\\\/www.eliterent.com\\\/wp-content\\\/uploads\\\/2020\\\/03\\\/Elite_Logo_NEW_2023_Final-1.png\",\"width\":828,\"height\":313,\"caption\":\"Elite Rent\"},\"image\":{\"@id\":\"https:\\\/\\\/www.eliterent.com\\\/#\\\/schema\\\/logo\\\/image\\\/\"}}]}<\/script>\n<!-- \/ Yoast SEO plugin. -->","yoast_head_json":{"title":"Kilom\u00e9trage illimit\u00e9 en Suisse avec Elite Rent","description":"Kilom\u00e9trage illimit\u00e9 en Suisse avec Elite Rent - Kilom\u00e9trage illimit\u00e9 pour les locations de SUVs, citadines et Vans en Suisse jusqu'\u00e0 fin novembre.","robots":{"index":"index","follow":"follow","max-snippet":"max-snippet:-1","max-image-preview":"max-image-preview:large","max-video-preview":"max-video-preview:-1"},"canonical":"https:\/\/www.eliterent.com\/fr\/unlimited-kilometers-in-switzerland\/","og_locale":"fr_FR","og_type":"article","og_title":"Kilom\u00e9trage illimit\u00e9 en Suisse avec Elite Rent","og_description":"Kilom\u00e9trage illimit\u00e9 en Suisse avec Elite Rent - Kilom\u00e9trage illimit\u00e9 pour les locations de SUVs, citadines et Vans en Suisse jusqu'\u00e0 fin novembre.","og_url":"https:\/\/www.eliterent.com\/fr\/unlimited-kilometers-in-switzerland\/","og_site_name":"Elite Rent","article_modified_time":"2025-09-25T14:28:30+00:00","og_image":[{"width":2560,"height":1920,"url":"https:\/\/www.eliterent.com\/wp-content\/uploads\/2025\/02\/X7_Grey_Matte_Front-scaled-e1741272907580.jpg","type":"image\/jpeg"}],"twitter_card":"summary_large_image","schema":{"@context":"https:\/\/schema.org","@graph":[{"@type":"WebPage","@id":"https:\/\/www.eliterent.com\/fr\/unlimited-kilometers-in-switzerland\/","url":"https:\/\/www.eliterent.com\/fr\/unlimited-kilometers-in-switzerland\/","name":"Kilom\u00e9trage illimit\u00e9 en Suisse avec Elite Rent","isPartOf":{"@id":"https:\/\/www.eliterent.com\/#website"},"primaryImageOfPage":{"@id":"https:\/\/www.eliterent.com\/fr\/unlimited-kilometers-in-switzerland\/#primaryimage"},"image":{"@id":"https:\/\/www.eliterent.com\/fr\/unlimited-kilometers-in-switzerland\/#primaryimage"},"thumbnailUrl":"https:\/\/www.eliterent.com\/wp-content\/uploads\/2025\/02\/X7_Grey_Matte_Front-scaled-e1741272907580.jpg","datePublished":"2025-09-25T13:33:37+00:00","dateModified":"2025-09-25T14:28:30+00:00","description":"Kilom\u00e9trage illimit\u00e9 en Suisse avec Elite Rent - Kilom\u00e9trage illimit\u00e9 pour les locations de SUVs, citadines et Vans en Suisse jusqu'\u00e0 fin novembre.","breadcrumb":{"@id":"https:\/\/www.eliterent.com\/fr\/unlimited-kilometers-in-switzerland\/#breadcrumb"},"inLanguage":"fr-FR","potentialAction":[{"@type":"ReadAction","target":["https:\/\/www.eliterent.com\/fr\/unlimited-kilometers-in-switzerland\/"]}]},{"@type":"ImageObject","inLanguage":"fr-FR","@id":"https:\/\/www.eliterent.com\/fr\/unlimited-kilometers-in-switzerland\/#primaryimage","url":"https:\/\/www.eliterent.com\/wp-content\/uploads\/2025\/02\/X7_Grey_Matte_Front-scaled-e1741272907580.jpg","contentUrl":"https:\/\/www.eliterent.com\/wp-content\/uploads\/2025\/02\/X7_Grey_Matte_Front-scaled-e1741272907580.jpg","width":2560,"height":1920},{"@type":"BreadcrumbList","@id":"https:\/\/www.eliterent.com\/fr\/unlimited-kilometers-in-switzerland\/#breadcrumb","itemListElement":[{"@type":"ListItem","position":1,"name":"Home","item":"https:\/\/www.eliterent.com\/fr\/"},{"@type":"ListItem","position":2,"name":"Kilom\u00e9trage illimit\u00e9 en Suisse"}]},{"@type":"WebSite","@id":"https:\/\/www.eliterent.com\/#website","url":"https:\/\/www.eliterent.com\/","name":"Elite Rent","description":"Rent a Car","publisher":{"@id":"https:\/\/www.eliterent.com\/#organization"},"potentialAction":[{"@type":"SearchAction","target":{"@type":"EntryPoint","urlTemplate":"https:\/\/www.eliterent.com\/?s={search_term_string}"},"query-input":{"@type":"PropertyValueSpecification","valueRequired":true,"valueName":"search_term_string"}}],"inLanguage":"fr-FR"},{"@type":"Organization","@id":"https:\/\/www.eliterent.com\/#organization","name":"Elite Rent","url":"https:\/\/www.eliterent.com\/","logo":{"@type":"ImageObject","inLanguage":"fr-FR","@id":"https:\/\/www.eliterent.com\/#\/schema\/logo\/image\/","url":"https:\/\/www.eliterent.com\/wp-content\/uploads\/2020\/03\/Elite_Logo_NEW_2023_Final-1.png","contentUrl":"https:\/\/www.eliterent.com\/wp-content\/uploads\/2020\/03\/Elite_Logo_NEW_2023_Final-1.png","width":828,"height":313,"caption":"Elite Rent"},"image":{"@id":"https:\/\/www.eliterent.com\/#\/schema\/logo\/image\/"}}]}},"_links":{"self":[{"href":"https:\/\/www.eliterent.com\/fr\/wp-json\/wp\/v2\/pages\/78413","targetHints":{"allow":["GET"]}}],"collection":[{"href":"https:\/\/www.eliterent.com\/fr\/wp-json\/wp\/v2\/pages"}],"about":[{"href":"https:\/\/www.eliterent.com\/fr\/wp-json\/wp\/v2\/types\/page"}],"author":[{"embeddable":true,"href":"https:\/\/www.eliterent.com\/fr\/wp-json\/wp\/v2\/users\/6"}],"replies":[{"embeddable":true,"href":"https:\/\/www.eliterent.com\/fr\/wp-json\/wp\/v2\/comments?post=78413"}],"version-history":[{"count":0,"href":"https:\/\/www.eliterent.com\/fr\/wp-json\/wp\/v2\/pages\/78413\/revisions"}],"wp:featuredmedia":[{"embeddable":true,"href":"https:\/\/www.eliterent.com\/fr\/wp-json\/wp\/v2\/media\/75867"}],"wp:attachment":[{"href":"https:\/\/www.eliterent.com\/fr\/wp-json\/wp\/v2\/media?parent=78413"}],"curies":[{"name":"wp","href":"https:\/\/api.w.org\/{rel}","templated":true}]}}